{"id":617,"date":"2018-04-07T13:04:23","date_gmt":"2018-04-07T13:04:23","guid":{"rendered":"http:\/\/radzynskirocznik.pl\/?page_id=617"},"modified":"2020-03-21T13:13:50","modified_gmt":"2020-03-21T13:13:50","slug":"tom-1-2001","status":"publish","type":"page","link":"https:\/\/radzynskirocznik.pl\/?page_id=617","title":{"rendered":"TOM 1, 2001"},"content":{"rendered":"<p style=\"text-align: right;\"><strong><br \/>\n<img loading=\"lazy\" decoding=\"async\" class=\"size-medium wp-image-330 alignright\" src=\"http:\/\/radzynskirocznik.pl\/wp-content\/uploads\/2017\/02\/Image00003-217x300.jpg\" alt=\"\" width=\"217\" height=\"300\" srcset=\"https:\/\/radzynskirocznik.pl\/wp-content\/uploads\/2017\/02\/Image00003-217x300.jpg 217w, https:\/\/radzynskirocznik.pl\/wp-content\/uploads\/2017\/02\/Image00003.jpg 578w\" sizes=\"auto, (max-width: 217px) 100vw, 217px\" \/><\/strong><\/p>\n<p style=\"text-align: left;\"><a href=\"http:\/\/radzynskirocznik.pl\/?sdm_downloads=sady-rugowe-w-czemiernikach-w-xvii-wieku\">JANUSZ \u0141OSOWSKI,\u00a0S\u0105dy rugowe w Czemiernikach w XVII wieku<\/a><\/p>\n<p style=\"text-align: left;\"><a href=\"http:\/\/radzynskirocznik.pl\/?sdm_downloads=maria-z-katskich-potocka-ok-1720-1768-przyczynek-do-zycia-kulturalnego-w-radzyniu-w-ii-polowie-xviii-wieku\">JOANNA KOWALIK,\u00a0Maria z K\u0105tskich Potocka (ok. 1720-1768). Przyczynek do \u017cycia kulturalnego w Radzyniu w II po\u0142owie XVIII wieku<\/a><\/p>\n<p style=\"text-align: left;\"><a href=\"http:\/\/radzynskirocznik.pl\/?sdm_downloads=dobra-ziemskie-branica-w-dobie-uwlaszczenia\">AGNIESZKA G\u0104TARCZYK,\u00a0Dobra ziemskie Branica w dobie uw\u0142aszczenia<\/a><\/p>\n<p style=\"text-align: left;\"><a href=\"http:\/\/radzynskirocznik.pl\/?sdm_downloads=z-dziejow-klesk-elementarnych-na-podlasiu-w-latach-1815-1831\">WALDEMAR W. BEDNARSKI,\u00a0Z dziej\u00f3w kl\u0119sk elementarnych na Podlasiu w latach 1815-1831<\/a><\/p>\n<p style=\"text-align: left;\"><a href=\"http:\/\/radzynskirocznik.pl\/?sdm_downloads=policja-panstwowa-w-powiecie-radzynskim-w-latach-1919-1939\">ROBERT LITWI\u0143SKI,\u00a0Policja Pa\u0144stwowa w powiecie radzy\u0144skim w latach 1919-1939<\/a><\/p>\n<p style=\"text-align: left;\"><a href=\"http:\/\/radzynskirocznik.pl\/?sdm_downloads=dzialalnosc-agend-rady-glownej-opiekunczej-w-powiecie-radzyn-podlaski-w-okresie-okupacji-niemieckiej-w-latach-1940-1944\">JANUSZ K\u0141APE\u0106,\u00a0Dzia\u0142alno\u015b\u0107 agend Rady G\u0142\u00f3wnej Opieku\u0144czej w powiecie Radzy\u0144 Podlaski w okresie okupacji niemieckiej w latach 1940-1944<\/a><\/p>\n<p style=\"text-align: left;\"><a href=\"http:\/\/radzynskirocznik.pl\/?sdm_downloads=przywilej-jana-iii-z-1679-roku-dla-cerkwi-unickiej-w-kolembrodach\">DARIUSZ MAGIER,\u00a0Przywilej Jana III z 1679 roku dla cerkwi unickiej w Kolembrodach<\/a><\/p>\n<p style=\"text-align: left;\"><a href=\"http:\/\/radzynskirocznik.pl\/?sdm_downloads=spis-majatkow-ziemskich-z-okolic-radzynia-i-ich-wlascicieli-w-polowie-xix-wieku\">GRZEGORZ WELIK,\u00a0Spis maj\u0105tk\u00f3w ziemskich z okolic Radzynia i ich w\u0142a\u015bcicieli w po\u0142owie XIX wieku<\/a><\/p>\n<p style=\"text-align: left;\"><a href=\"http:\/\/radzynskirocznik.pl\/?sdm_downloads=spis-rzemieslnikow-i-handlarzy-powiatu-lukowskiego-z-1868-r\">ARTUR G\u00d3RAK,\u00a0Spis rzemie\u015blnik\u00f3w i handlarzy powiatu \u0142ukowskiego z 1868 r.<\/a><\/p>\n","protected":false},"excerpt":{"rendered":"<p>JANUSZ \u0141OSOWSKI,\u00a0S\u0105dy rugowe w Czemiernikach w XVII wieku JOANNA KOWALIK,\u00a0Maria z K\u0105tskich Potocka (ok. 1720-1768). Przyczynek do \u017cycia kulturalnego w Radzyniu w II po\u0142owie XVIII wieku AGNIESZKA G\u0104TARCZYK,\u00a0Dobra ziemskie Branica w dobie uw\u0142aszczenia WALDEMAR W. BEDNARSKI,\u00a0Z dziej\u00f3w kl\u0119sk elementarnych na Podlasiu w latach 1815-1831 ROBERT LITWI\u0143SKI,\u00a0Policja Pa\u0144stwowa w powiecie radzy\u0144skim w latach 1919-1939 JANUSZ K\u0141APE\u0106,\u00a0Dzia\u0142alno\u015b\u0107 [&hellip;]<\/p>\n","protected":false},"author":3,"featured_media":0,"parent":0,"menu_order":0,"comment_status":"closed","ping_status":"closed","template":"","meta":{"footnotes":""},"class_list":["post-617","page","type-page","status-publish","hentry"],"yoast_head":"<!-- This site is optimized with the Yoast SEO plugin v26.6 - https:\/\/yoast.com\/wordpress\/plugins\/seo\/ -->\n<title>TOM 1, 2001 - Radzy\u0144ski Rocznik Humanistyczny<\/title>\n<meta name=\"robots\" content=\"index, follow, max-snippet:-1, max-image-preview:large, max-video-preview:-1\" \/>\n<link rel=\"canonical\" href=\"https:\/\/radzynskirocznik.pl\/?page_id=617\" \/>\n<meta property=\"og:locale\" content=\"pl_PL\" \/>\n<meta property=\"og:type\" content=\"article\" \/>\n<meta property=\"og:title\" content=\"TOM 1, 2001 - Radzy\u0144ski Rocznik Humanistyczny\" \/>\n<meta property=\"og:description\" content=\"JANUSZ \u0141OSOWSKI,\u00a0S\u0105dy rugowe w Czemiernikach w XVII wieku JOANNA KOWALIK,\u00a0Maria z K\u0105tskich Potocka (ok. 1720-1768). Przyczynek do \u017cycia kulturalnego w Radzyniu w II po\u0142owie XVIII wieku AGNIESZKA G\u0104TARCZYK,\u00a0Dobra ziemskie Branica w dobie uw\u0142aszczenia WALDEMAR W. BEDNARSKI,\u00a0Z dziej\u00f3w kl\u0119sk elementarnych na Podlasiu w latach 1815-1831 ROBERT LITWI\u0143SKI,\u00a0Policja Pa\u0144stwowa w powiecie radzy\u0144skim w latach 1919-1939 JANUSZ K\u0141APE\u0106,\u00a0Dzia\u0142alno\u015b\u0107 [&hellip;]\" \/>\n<meta property=\"og:url\" content=\"https:\/\/radzynskirocznik.pl\/?page_id=617\" \/>\n<meta property=\"og:site_name\" content=\"Radzy\u0144ski Rocznik Humanistyczny\" \/>\n<meta property=\"article:publisher\" content=\"https:\/\/www.facebook.com\/inbrosz\" \/>\n<meta property=\"article:modified_time\" content=\"2020-03-21T13:13:50+00:00\" \/>\n<meta property=\"og:image\" content=\"http:\/\/radzynskirocznik.pl\/wp-content\/uploads\/2017\/02\/Image00003-217x300.jpg\" \/>\n<meta name=\"twitter:card\" content=\"summary_large_image\" \/>\n<meta name=\"twitter:label1\" content=\"Szacowany czas czytania\" \/>\n\t<meta name=\"twitter:data1\" content=\"1 minuta\" \/>\n<script type=\"application\/ld+json\" class=\"yoast-schema-graph\">{\"@context\":\"https:\/\/schema.org\",\"@graph\":[{\"@type\":\"WebPage\",\"@id\":\"https:\/\/radzynskirocznik.pl\/?page_id=617\",\"url\":\"https:\/\/radzynskirocznik.pl\/?page_id=617\",\"name\":\"TOM 1, 2001 - Radzy\u0144ski Rocznik Humanistyczny\",\"isPartOf\":{\"@id\":\"https:\/\/radzynskirocznik.pl\/#website\"},\"primaryImageOfPage\":{\"@id\":\"https:\/\/radzynskirocznik.pl\/?page_id=617#primaryimage\"},\"image\":{\"@id\":\"https:\/\/radzynskirocznik.pl\/?page_id=617#primaryimage\"},\"thumbnailUrl\":\"http:\/\/radzynskirocznik.pl\/wp-content\/uploads\/2017\/02\/Image00003-217x300.jpg\",\"datePublished\":\"2018-04-07T13:04:23+00:00\",\"dateModified\":\"2020-03-21T13:13:50+00:00\",\"breadcrumb\":{\"@id\":\"https:\/\/radzynskirocznik.pl\/?page_id=617#breadcrumb\"},\"inLanguage\":\"pl-PL\",\"potentialAction\":[{\"@type\":\"ReadAction\",\"target\":[\"https:\/\/radzynskirocznik.pl\/?page_id=617\"]}]},{\"@type\":\"ImageObject\",\"inLanguage\":\"pl-PL\",\"@id\":\"https:\/\/radzynskirocznik.pl\/?page_id=617#primaryimage\",\"url\":\"https:\/\/radzynskirocznik.pl\/wp-content\/uploads\/2017\/02\/Image00003.jpg\",\"contentUrl\":\"https:\/\/radzynskirocznik.pl\/wp-content\/uploads\/2017\/02\/Image00003.jpg\",\"width\":578,\"height\":800},{\"@type\":\"BreadcrumbList\",\"@id\":\"https:\/\/radzynskirocznik.pl\/?page_id=617#breadcrumb\",\"itemListElement\":[{\"@type\":\"ListItem\",\"position\":1,\"name\":\"Strona g\u0142\u00f3wna\",\"item\":\"https:\/\/radzynskirocznik.pl\/?lang=en\"},{\"@type\":\"ListItem\",\"position\":2,\"name\":\"TOM 1, 2001\"}]},{\"@type\":\"WebSite\",\"@id\":\"https:\/\/radzynskirocznik.pl\/#website\",\"url\":\"https:\/\/radzynskirocznik.pl\/\",\"name\":\"Radzy\u0144ski Rocznik Humanistyczny\",\"description\":\"\",\"publisher\":{\"@id\":\"https:\/\/radzynskirocznik.pl\/#organization\"},\"potentialAction\":[{\"@type\":\"SearchAction\",\"target\":{\"@type\":\"EntryPoint\",\"urlTemplate\":\"https:\/\/radzynskirocznik.pl\/?s={search_term_string}\"},\"query-input\":{\"@type\":\"PropertyValueSpecification\",\"valueRequired\":true,\"valueName\":\"search_term_string\"}}],\"inLanguage\":\"pl-PL\"},{\"@type\":\"Organization\",\"@id\":\"https:\/\/radzynskirocznik.pl\/#organization\",\"name\":\"Instytut Bronis\u0142awa Szlubowskiego\",\"url\":\"https:\/\/radzynskirocznik.pl\/\",\"logo\":{\"@type\":\"ImageObject\",\"inLanguage\":\"pl-PL\",\"@id\":\"https:\/\/radzynskirocznik.pl\/#\/schema\/logo\/image\/\",\"url\":\"http:\/\/radzynskirocznik.pl\/wp-content\/uploads\/2020\/12\/logo-pion.jpg\",\"contentUrl\":\"http:\/\/radzynskirocznik.pl\/wp-content\/uploads\/2020\/12\/logo-pion.jpg\",\"width\":1393,\"height\":727,\"caption\":\"Instytut Bronis\u0142awa Szlubowskiego\"},\"image\":{\"@id\":\"https:\/\/radzynskirocznik.pl\/#\/schema\/logo\/image\/\"},\"sameAs\":[\"https:\/\/www.facebook.com\/inbrosz\"]}]}<\/script>\n<!-- \/ Yoast SEO plugin. -->","yoast_head_json":{"title":"TOM 1, 2001 - Radzy\u0144ski Rocznik Humanistyczny","robots":{"index":"index","follow":"follow","max-snippet":"max-snippet:-1","max-image-preview":"max-image-preview:large","max-video-preview":"max-video-preview:-1"},"canonical":"https:\/\/radzynskirocznik.pl\/?page_id=617","og_locale":"pl_PL","og_type":"article","og_title":"TOM 1, 2001 - Radzy\u0144ski Rocznik Humanistyczny","og_description":"JANUSZ \u0141OSOWSKI,\u00a0S\u0105dy rugowe w Czemiernikach w XVII wieku JOANNA KOWALIK,\u00a0Maria z K\u0105tskich Potocka (ok. 1720-1768). Przyczynek do \u017cycia kulturalnego w Radzyniu w II po\u0142owie XVIII wieku AGNIESZKA G\u0104TARCZYK,\u00a0Dobra ziemskie Branica w dobie uw\u0142aszczenia WALDEMAR W. BEDNARSKI,\u00a0Z dziej\u00f3w kl\u0119sk elementarnych na Podlasiu w latach 1815-1831 ROBERT LITWI\u0143SKI,\u00a0Policja Pa\u0144stwowa w powiecie radzy\u0144skim w latach 1919-1939 JANUSZ K\u0141APE\u0106,\u00a0Dzia\u0142alno\u015b\u0107 [&hellip;]","og_url":"https:\/\/radzynskirocznik.pl\/?page_id=617","og_site_name":"Radzy\u0144ski Rocznik Humanistyczny","article_publisher":"https:\/\/www.facebook.com\/inbrosz","article_modified_time":"2020-03-21T13:13:50+00:00","og_image":[{"url":"http:\/\/radzynskirocznik.pl\/wp-content\/uploads\/2017\/02\/Image00003-217x300.jpg","type":"","width":"","height":""}],"twitter_card":"summary_large_image","twitter_misc":{"Szacowany czas czytania":"1 minuta"},"schema":{"@context":"https:\/\/schema.org","@graph":[{"@type":"WebPage","@id":"https:\/\/radzynskirocznik.pl\/?page_id=617","url":"https:\/\/radzynskirocznik.pl\/?page_id=617","name":"TOM 1, 2001 - Radzy\u0144ski Rocznik Humanistyczny","isPartOf":{"@id":"https:\/\/radzynskirocznik.pl\/#website"},"primaryImageOfPage":{"@id":"https:\/\/radzynskirocznik.pl\/?page_id=617#primaryimage"},"image":{"@id":"https:\/\/radzynskirocznik.pl\/?page_id=617#primaryimage"},"thumbnailUrl":"http:\/\/radzynskirocznik.pl\/wp-content\/uploads\/2017\/02\/Image00003-217x300.jpg","datePublished":"2018-04-07T13:04:23+00:00","dateModified":"2020-03-21T13:13:50+00:00","breadcrumb":{"@id":"https:\/\/radzynskirocznik.pl\/?page_id=617#breadcrumb"},"inLanguage":"pl-PL","potentialAction":[{"@type":"ReadAction","target":["https:\/\/radzynskirocznik.pl\/?page_id=617"]}]},{"@type":"ImageObject","inLanguage":"pl-PL","@id":"https:\/\/radzynskirocznik.pl\/?page_id=617#primaryimage","url":"https:\/\/radzynskirocznik.pl\/wp-content\/uploads\/2017\/02\/Image00003.jpg","contentUrl":"https:\/\/radzynskirocznik.pl\/wp-content\/uploads\/2017\/02\/Image00003.jpg","width":578,"height":800},{"@type":"BreadcrumbList","@id":"https:\/\/radzynskirocznik.pl\/?page_id=617#breadcrumb","itemListElement":[{"@type":"ListItem","position":1,"name":"Strona g\u0142\u00f3wna","item":"https:\/\/radzynskirocznik.pl\/?lang=en"},{"@type":"ListItem","position":2,"name":"TOM 1, 2001"}]},{"@type":"WebSite","@id":"https:\/\/radzynskirocznik.pl\/#website","url":"https:\/\/radzynskirocznik.pl\/","name":"Radzy\u0144ski Rocznik Humanistyczny","description":"","publisher":{"@id":"https:\/\/radzynskirocznik.pl\/#organization"},"potentialAction":[{"@type":"SearchAction","target":{"@type":"EntryPoint","urlTemplate":"https:\/\/radzynskirocznik.pl\/?s={search_term_string}"},"query-input":{"@type":"PropertyValueSpecification","valueRequired":true,"valueName":"search_term_string"}}],"inLanguage":"pl-PL"},{"@type":"Organization","@id":"https:\/\/radzynskirocznik.pl\/#organization","name":"Instytut Bronis\u0142awa Szlubowskiego","url":"https:\/\/radzynskirocznik.pl\/","logo":{"@type":"ImageObject","inLanguage":"pl-PL","@id":"https:\/\/radzynskirocznik.pl\/#\/schema\/logo\/image\/","url":"http:\/\/radzynskirocznik.pl\/wp-content\/uploads\/2020\/12\/logo-pion.jpg","contentUrl":"http:\/\/radzynskirocznik.pl\/wp-content\/uploads\/2020\/12\/logo-pion.jpg","width":1393,"height":727,"caption":"Instytut Bronis\u0142awa Szlubowskiego"},"image":{"@id":"https:\/\/radzynskirocznik.pl\/#\/schema\/logo\/image\/"},"sameAs":["https:\/\/www.facebook.com\/inbrosz"]}]}},"_links":{"self":[{"href":"https:\/\/radzynskirocznik.pl\/index.php?rest_route=\/wp\/v2\/pages\/617","targetHints":{"allow":["GET"]}}],"collection":[{"href":"https:\/\/radzynskirocznik.pl\/index.php?rest_route=\/wp\/v2\/pages"}],"about":[{"href":"https:\/\/radzynskirocznik.pl\/index.php?rest_route=\/wp\/v2\/types\/page"}],"author":[{"embeddable":true,"href":"https:\/\/radzynskirocznik.pl\/index.php?rest_route=\/wp\/v2\/users\/3"}],"replies":[{"embeddable":true,"href":"https:\/\/radzynskirocznik.pl\/index.php?rest_route=%2Fwp%2Fv2%2Fcomments&post=617"}],"version-history":[{"count":14,"href":"https:\/\/radzynskirocznik.pl\/index.php?rest_route=\/wp\/v2\/pages\/617\/revisions"}],"predecessor-version":[{"id":1327,"href":"https:\/\/radzynskirocznik.pl\/index.php?rest_route=\/wp\/v2\/pages\/617\/revisions\/1327"}],"wp:attachment":[{"href":"https:\/\/radzynskirocznik.pl\/index.php?rest_route=%2Fwp%2Fv2%2Fmedia&parent=617"}],"curies":[{"name":"wp","href":"https:\/\/api.w.org\/{rel}","templated":true}]}}