{"id":4261,"date":"2025-10-24T09:16:00","date_gmt":"2025-10-24T07:16:00","guid":{"rendered":"https:\/\/radzynskirocznik.pl\/?page_id=4261"},"modified":"2026-01-29T19:31:52","modified_gmt":"2026-01-29T18:31:52","slug":"recenzenci-tomu-23-2025","status":"publish","type":"page","link":"https:\/\/radzynskirocznik.pl\/?page_id=4261","title":{"rendered":"Recenzenci tomu 23\/2025"},"content":{"rendered":"<ul>\n<li>prof. dr hab. Zofia Chyra-Rolicz (Uniwersytet w Siedlcach)<\/li>\n<li>dr hab. Krzysztof Gombin (Katolicki Uniwersytet Lubelski Jana Paw\u0142a II)<\/li>\n<li>dr hab. Dariusz Magier (Uniwersytet w Siedlcach)<\/li>\n<li>dr hab. Maria Starnawska (Uniwersytet w Siedlcach)<\/li>\n<li>dr Andrzej Chojnacki (Muzeum Regionalne w Siedlcach)<\/li>\n<li>dr Marcin D\u0105browski (Instytut Pami\u0119ci Narodowej Oddzia\u0142 w Lublinie)<\/li>\n<li>dr Artur Goszczy\u0144ski (Uniwersytet w Siedlcach)<\/li>\n<\/ul>\n","protected":false},"excerpt":{"rendered":"<p>prof. dr hab. Zofia Chyra-Rolicz (Uniwersytet w Siedlcach) dr hab. Krzysztof Gombin (Katolicki Uniwersytet Lubelski Jana Paw\u0142a II) dr hab. Dariusz Magier (Uniwersytet w Siedlcach) dr hab. Maria Starnawska (Uniwersytet w Siedlcach) dr Andrzej Chojnacki (Muzeum Regionalne w Siedlcach) dr Marcin D\u0105browski (Instytut Pami\u0119ci Narodowej Oddzia\u0142 w Lublinie) dr Artur Goszczy\u0144ski (Uniwersytet w Siedlcach)<\/p>\n","protected":false},"author":3,"featured_media":0,"parent":0,"menu_order":0,"comment_status":"closed","ping_status":"closed","template":"","meta":{"footnotes":""},"class_list":["post-4261","page","type-page","status-publish","hentry"],"yoast_head":"<!-- This site is optimized with the Yoast SEO plugin v26.6 - https:\/\/yoast.com\/wordpress\/plugins\/seo\/ -->\n<title>Recenzenci tomu 23\/2025 - Radzy\u0144ski Rocznik Humanistyczny<\/title>\n<meta name=\"robots\" content=\"index, follow, max-snippet:-1, max-image-preview:large, max-video-preview:-1\" \/>\n<link rel=\"canonical\" href=\"https:\/\/radzynskirocznik.pl\/?page_id=4261\" \/>\n<meta property=\"og:locale\" content=\"pl_PL\" \/>\n<meta property=\"og:type\" content=\"article\" \/>\n<meta property=\"og:title\" content=\"Recenzenci tomu 23\/2025 - Radzy\u0144ski Rocznik Humanistyczny\" \/>\n<meta property=\"og:description\" content=\"prof. dr hab. Zofia Chyra-Rolicz (Uniwersytet w Siedlcach) dr hab. Krzysztof Gombin (Katolicki Uniwersytet Lubelski Jana Paw\u0142a II) dr hab. Dariusz Magier (Uniwersytet w Siedlcach) dr hab. Maria Starnawska (Uniwersytet w Siedlcach) dr Andrzej Chojnacki (Muzeum Regionalne w Siedlcach) dr Marcin D\u0105browski (Instytut Pami\u0119ci Narodowej Oddzia\u0142 w Lublinie) dr Artur Goszczy\u0144ski (Uniwersytet w Siedlcach)\" \/>\n<meta property=\"og:url\" content=\"https:\/\/radzynskirocznik.pl\/?page_id=4261\" \/>\n<meta property=\"og:site_name\" content=\"Radzy\u0144ski Rocznik Humanistyczny\" \/>\n<meta property=\"article:publisher\" content=\"https:\/\/www.facebook.com\/inbrosz\" \/>\n<meta property=\"article:modified_time\" content=\"2026-01-29T18:31:52+00:00\" \/>\n<meta name=\"twitter:card\" content=\"summary_large_image\" \/>\n<meta name=\"twitter:label1\" content=\"Szacowany czas czytania\" \/>\n\t<meta name=\"twitter:data1\" content=\"1 minuta\" \/>\n<script type=\"application\/ld+json\" class=\"yoast-schema-graph\">{\"@context\":\"https:\/\/schema.org\",\"@graph\":[{\"@type\":\"WebPage\",\"@id\":\"https:\/\/radzynskirocznik.pl\/?page_id=4261\",\"url\":\"https:\/\/radzynskirocznik.pl\/?page_id=4261\",\"name\":\"Recenzenci tomu 23\/2025 - Radzy\u0144ski Rocznik Humanistyczny\",\"isPartOf\":{\"@id\":\"https:\/\/radzynskirocznik.pl\/#website\"},\"datePublished\":\"2025-10-24T07:16:00+00:00\",\"dateModified\":\"2026-01-29T18:31:52+00:00\",\"breadcrumb\":{\"@id\":\"https:\/\/radzynskirocznik.pl\/?page_id=4261#breadcrumb\"},\"inLanguage\":\"pl-PL\",\"potentialAction\":[{\"@type\":\"ReadAction\",\"target\":[\"https:\/\/radzynskirocznik.pl\/?page_id=4261\"]}]},{\"@type\":\"BreadcrumbList\",\"@id\":\"https:\/\/radzynskirocznik.pl\/?page_id=4261#breadcrumb\",\"itemListElement\":[{\"@type\":\"ListItem\",\"position\":1,\"name\":\"Strona g\u0142\u00f3wna\",\"item\":\"https:\/\/radzynskirocznik.pl\/?lang=en\"},{\"@type\":\"ListItem\",\"position\":2,\"name\":\"Recenzenci tomu 23\/2025\"}]},{\"@type\":\"WebSite\",\"@id\":\"https:\/\/radzynskirocznik.pl\/#website\",\"url\":\"https:\/\/radzynskirocznik.pl\/\",\"name\":\"Radzy\u0144ski Rocznik Humanistyczny\",\"description\":\"\",\"publisher\":{\"@id\":\"https:\/\/radzynskirocznik.pl\/#organization\"},\"potentialAction\":[{\"@type\":\"SearchAction\",\"target\":{\"@type\":\"EntryPoint\",\"urlTemplate\":\"https:\/\/radzynskirocznik.pl\/?s={search_term_string}\"},\"query-input\":{\"@type\":\"PropertyValueSpecification\",\"valueRequired\":true,\"valueName\":\"search_term_string\"}}],\"inLanguage\":\"pl-PL\"},{\"@type\":\"Organization\",\"@id\":\"https:\/\/radzynskirocznik.pl\/#organization\",\"name\":\"Instytut Bronis\u0142awa Szlubowskiego\",\"url\":\"https:\/\/radzynskirocznik.pl\/\",\"logo\":{\"@type\":\"ImageObject\",\"inLanguage\":\"pl-PL\",\"@id\":\"https:\/\/radzynskirocznik.pl\/#\/schema\/logo\/image\/\",\"url\":\"http:\/\/radzynskirocznik.pl\/wp-content\/uploads\/2020\/12\/logo-pion.jpg\",\"contentUrl\":\"http:\/\/radzynskirocznik.pl\/wp-content\/uploads\/2020\/12\/logo-pion.jpg\",\"width\":1393,\"height\":727,\"caption\":\"Instytut Bronis\u0142awa Szlubowskiego\"},\"image\":{\"@id\":\"https:\/\/radzynskirocznik.pl\/#\/schema\/logo\/image\/\"},\"sameAs\":[\"https:\/\/www.facebook.com\/inbrosz\"]}]}<\/script>\n<!-- \/ Yoast SEO plugin. -->","yoast_head_json":{"title":"Recenzenci tomu 23\/2025 - Radzy\u0144ski Rocznik Humanistyczny","robots":{"index":"index","follow":"follow","max-snippet":"max-snippet:-1","max-image-preview":"max-image-preview:large","max-video-preview":"max-video-preview:-1"},"canonical":"https:\/\/radzynskirocznik.pl\/?page_id=4261","og_locale":"pl_PL","og_type":"article","og_title":"Recenzenci tomu 23\/2025 - Radzy\u0144ski Rocznik Humanistyczny","og_description":"prof. dr hab. Zofia Chyra-Rolicz (Uniwersytet w Siedlcach) dr hab. Krzysztof Gombin (Katolicki Uniwersytet Lubelski Jana Paw\u0142a II) dr hab. Dariusz Magier (Uniwersytet w Siedlcach) dr hab. Maria Starnawska (Uniwersytet w Siedlcach) dr Andrzej Chojnacki (Muzeum Regionalne w Siedlcach) dr Marcin D\u0105browski (Instytut Pami\u0119ci Narodowej Oddzia\u0142 w Lublinie) dr Artur Goszczy\u0144ski (Uniwersytet w Siedlcach)","og_url":"https:\/\/radzynskirocznik.pl\/?page_id=4261","og_site_name":"Radzy\u0144ski Rocznik Humanistyczny","article_publisher":"https:\/\/www.facebook.com\/inbrosz","article_modified_time":"2026-01-29T18:31:52+00:00","twitter_card":"summary_large_image","twitter_misc":{"Szacowany czas czytania":"1 minuta"},"schema":{"@context":"https:\/\/schema.org","@graph":[{"@type":"WebPage","@id":"https:\/\/radzynskirocznik.pl\/?page_id=4261","url":"https:\/\/radzynskirocznik.pl\/?page_id=4261","name":"Recenzenci tomu 23\/2025 - Radzy\u0144ski Rocznik Humanistyczny","isPartOf":{"@id":"https:\/\/radzynskirocznik.pl\/#website"},"datePublished":"2025-10-24T07:16:00+00:00","dateModified":"2026-01-29T18:31:52+00:00","breadcrumb":{"@id":"https:\/\/radzynskirocznik.pl\/?page_id=4261#breadcrumb"},"inLanguage":"pl-PL","potentialAction":[{"@type":"ReadAction","target":["https:\/\/radzynskirocznik.pl\/?page_id=4261"]}]},{"@type":"BreadcrumbList","@id":"https:\/\/radzynskirocznik.pl\/?page_id=4261#breadcrumb","itemListElement":[{"@type":"ListItem","position":1,"name":"Strona g\u0142\u00f3wna","item":"https:\/\/radzynskirocznik.pl\/?lang=en"},{"@type":"ListItem","position":2,"name":"Recenzenci tomu 23\/2025"}]},{"@type":"WebSite","@id":"https:\/\/radzynskirocznik.pl\/#website","url":"https:\/\/radzynskirocznik.pl\/","name":"Radzy\u0144ski Rocznik Humanistyczny","description":"","publisher":{"@id":"https:\/\/radzynskirocznik.pl\/#organization"},"potentialAction":[{"@type":"SearchAction","target":{"@type":"EntryPoint","urlTemplate":"https:\/\/radzynskirocznik.pl\/?s={search_term_string}"},"query-input":{"@type":"PropertyValueSpecification","valueRequired":true,"valueName":"search_term_string"}}],"inLanguage":"pl-PL"},{"@type":"Organization","@id":"https:\/\/radzynskirocznik.pl\/#organization","name":"Instytut Bronis\u0142awa Szlubowskiego","url":"https:\/\/radzynskirocznik.pl\/","logo":{"@type":"ImageObject","inLanguage":"pl-PL","@id":"https:\/\/radzynskirocznik.pl\/#\/schema\/logo\/image\/","url":"http:\/\/radzynskirocznik.pl\/wp-content\/uploads\/2020\/12\/logo-pion.jpg","contentUrl":"http:\/\/radzynskirocznik.pl\/wp-content\/uploads\/2020\/12\/logo-pion.jpg","width":1393,"height":727,"caption":"Instytut Bronis\u0142awa Szlubowskiego"},"image":{"@id":"https:\/\/radzynskirocznik.pl\/#\/schema\/logo\/image\/"},"sameAs":["https:\/\/www.facebook.com\/inbrosz"]}]}},"_links":{"self":[{"href":"https:\/\/radzynskirocznik.pl\/index.php?rest_route=\/wp\/v2\/pages\/4261","targetHints":{"allow":["GET"]}}],"collection":[{"href":"https:\/\/radzynskirocznik.pl\/index.php?rest_route=\/wp\/v2\/pages"}],"about":[{"href":"https:\/\/radzynskirocznik.pl\/index.php?rest_route=\/wp\/v2\/types\/page"}],"author":[{"embeddable":true,"href":"https:\/\/radzynskirocznik.pl\/index.php?rest_route=\/wp\/v2\/users\/3"}],"replies":[{"embeddable":true,"href":"https:\/\/radzynskirocznik.pl\/index.php?rest_route=%2Fwp%2Fv2%2Fcomments&post=4261"}],"version-history":[{"count":2,"href":"https:\/\/radzynskirocznik.pl\/index.php?rest_route=\/wp\/v2\/pages\/4261\/revisions"}],"predecessor-version":[{"id":4276,"href":"https:\/\/radzynskirocznik.pl\/index.php?rest_route=\/wp\/v2\/pages\/4261\/revisions\/4276"}],"wp:attachment":[{"href":"https:\/\/radzynskirocznik.pl\/index.php?rest_route=%2Fwp%2Fv2%2Fmedia&parent=4261"}],"curies":[{"name":"wp","href":"https:\/\/api.w.org\/{rel}","templated":true}]}}