{"id":2715,"date":"2021-08-17T11:05:55","date_gmt":"2021-08-17T11:05:55","guid":{"rendered":"http:\/\/radzynskirocznik.pl\/?page_id=2715"},"modified":"2021-11-06T19:35:46","modified_gmt":"2021-11-06T19:35:46","slug":"inzynier-cieciora-uzasadnia-potrzebe-zmiany-hymnu-narodowego-z-okazji-powstania-polskiej-zjednoczonej-partii-robotniczej","status":"publish","type":"page","link":"https:\/\/radzynskirocznik.pl\/?page_id=2715","title":{"rendered":"In\u017cynier Cieci\u00f3ra uzasadnia potrzeb\u0119 zmiany hymnu narodowego z okazji powstania Polskiej Zjednoczonej Partii Robotniczej"},"content":{"rendered":"<ul>\n<li><span style=\"color: #800000;\"><strong>Dariusz Magier<\/strong><\/span><\/li>\n<li>Oryginalna wersja cyfrowa 18.08.2021<\/li>\n<li><a href=\"http:\/\/radzynskirocznik.pl\/wp-content\/uploads\/2021\/10\/druk_magier_rrh19_2021.pdf\">Wersja drukowana 5.11.2021<\/a><\/li>\n<li>DOI: 10.36121\/RRH.MAGIER.19.2021<\/li>\n<\/ul>\n<hr \/>\n<p style=\"text-align: center;\">*<\/p>\n\n\n<p>Zar\u00f3wno relacjonuj\u0105cy wydarzenia poprzedzaj\u0105ce tzw. kongres zjednoczeniowy Polskiej Partii Robotniczej i Polskiej Partii Socjalistycznej w dniach 15-21 grudnia 1948 r., jak i autorzy opracowa\u0144 historycznych, zwracaj\u0105 uwag\u0119 na wyj\u0105tkow\u0105 atmosfer\u0119 towarzysz\u0105c\u0105 kampanii przedzjazdowej. By\u0142a ona wynikiem realizacji drobiazgowego scenariusza opracowanego przez komunist\u00f3w i wcielanego w \u017cycie nie tylko przez struktury partii, ale przede wszystkim przez poszczeg\u00f3lne jednostki totalitarnego ju\u017c w tym okresie pa\u0144stwa<a href=\"#_ftn1\">[1]<\/a>. Wszechogarniaj\u0105ca propaganda wizualna w postaci plakat\u00f3w, hase\u0142, mas\u00f3wek, p\u0142yn\u0105ca z audycji radiowych i seans\u00f3w kinowych rzeczywi\u015bcie mog\u0142a dzia\u0142a\u0107 na wyobra\u017ani\u0119 uczestnik\u00f3w wydarze\u0144 i narzuca\u0107 im przekonanie, \u017ce s\u0105 \u015bwiadkami nie teatru, kt\u00f3ry ma formalnie potwierdzi\u0107 dyktatorski system partyjny, czym by\u0142 w rzeczywisto\u015bci, ale wyj\u0105tkowego w skali dziej\u00f3w pa\u0144stwa wydarzenia. W takich okoliczno\u015bciach nietrudno o wywo\u0142anie spo\u0142ecznego podniecenia, skutkuj\u0105cego autentyczn\u0105 ch\u0119ci\u0105 do udzia\u0142u w eksploatuj\u0105cym pracownik\u00f3w wsp\u00f3\u0142zawodnictwie pracy, podejmowaniem zobowi\u0105za\u0144 zawodowych i czyn\u00f3w spo\u0142ecznych. Obok spo\u0142ecznych akcji (szko\u0142y, instytucje, zak\u0142ady pracy, \u015brodowiska) pisania \u017cycze\u0144 i pozdrowie\u0144 oraz przekazywania upomink\u00f3w dla w\u0142adz \u201ezjednoczonej\u201d partii, rodzi\u0142y si\u0119 w rozhisteryzowanych g\u0142owach r\u00f3\u017cne inne pomys\u0142y uczczenia tego momentu dziejowego. Czy mo\u017cna zaliczy\u0107 do nich r\u00f3wnie\u017c wniosek in\u017c. Franciszka Cieci\u00f3ry?<\/p>\n\n\n\n<p class=\"has-text-align-center\">**<\/p>\n\n\n\n<p>Pismo zatytu\u0142owane \u201eKongres Zjednoczeniowy ustali nowy Hymn Narodowy Polski\u201d podpisane: <em>Fr. Cieci\u00f3ra \/ W-wa, Koszykowa 14 m. 5 \/ tel. 88-443<\/em> znajduje si\u0119 w teczce pt. \u201eKongres Zjednoczeniowy\u201d, w serii Wydzia\u0142 Propagandy, w zespole akt Polska Partia Robotnicza Komitet Centralny, przechowywanym w Archiwum Akt Nowych w Warszawie<a href=\"#_ftn2\">[2]<\/a>. Autor wnioskowa\u0142 w nim, by symbolem wiekopomnego wydarzenia, jakim jest zjednoczenie PPR i PPS oraz powstanie PZPR, by\u0142a zmiana polskiego hymnu narodowego. Wniosek sw\u00f3j uzasadnia\u0142 nadzwyczajnym dziejowym momentem oraz tym, \u017ce <em>Mazurek D\u0105browskiego<\/em> nie odpowiada ju\u017c warunkom \u017cycia Polak\u00f3w, gdy\u017c \u201edzi\u015b nar\u00f3d potrzebuje nowego hymnu narodowego \u2013 sprawiedliwo\u015bci, pracy i wsp\u00f3\u0142pracy socjalistycznej jako swego drogowskazu\u201d<a href=\"#_ftn3\">[3]<\/a>. By\u0142o to upomnienie si\u0119 o symboliczne przypiecz\u0119towanie niemal ca\u0142kowitego zerwania z polsk\u0105 histori\u0105 i tradycj\u0105, kt\u00f3re faktycznie dokonywa\u0142o si\u0119 od 1944 r. Przy czym by\u0142o to dzia\u0142anie prostoduszne i tak naprawd\u0119 id\u0105ce w poprzek linii politycznej, gdy\u017c \u2013 wbrew wyznawanej ideologii internacjonalistycznej, rz\u0105dz\u0105cy Polsk\u0105 Ludow\u0105 pragn\u0119li legitymizowa\u0107 swoj\u0105 w\u0142adz\u0119 w oczach polskiego narodu, a to mo\u017cliwe by\u0142o jedynie poprzez zachowanie pozor\u00f3w ci\u0105g\u0142o\u015bci polskiej pa\u0144stwowo\u015bci. St\u0105d prze\u0142om lat 40. i 50. XX w. to okres specyficznego podej\u015bcia do historii i tradycji narodowych, kt\u00f3re charakteryzuje si\u0119 odwo\u0142ywaniem do warto\u015bci ludowo-proletariackich. Nazywany jest on w literaturze r\u00f3wnie\u017c okresem \u201epatriotyzmu ludowego\u201d, gdy\u017c pokrywa\u0142y si\u0119 w nim terminy \u201elud\u201d i \u201enar\u00f3d\u201d, co mia\u0142o zadanie budzi\u0107 w spo\u0142ecze\u0144stwie \u201eumi\u0142owanie ludowej ojczyzny\u201d<a href=\"#_ftn4\">[4]<\/a>. Odcinanie si\u0119 komunist\u00f3w od \u017cyciodajnych korzeni legitymizuj\u0105cych ich w\u0142adz\u0119, tym bardziej, \u017ce jedynie w wymiarze symbolicznym w postaci hymnu narodowego, nie le\u017ca\u0142o w tym momencie w ich interesie (na podobnej zasadzie zachowane zosta\u0142o \u2013 cho\u0107 z lekk\u0105 korekt\u0105 \u2013 god\u0142o Polski)<a href=\"#_ftn5\">[5]<\/a>. Dlatego r\u0119ka decydenta nanios\u0142a na pi\u015bmie adnotacj\u0119: \u201edo akt\u201d, co w praktyce kancelaryjnej oznacza\u0142o dyspozycj\u0119 pozostawienia go bez rozpatrzenia i zamkni\u0119cie sprawy. Prawdopodobnie najwi\u0119cej \u015bwiat\u0142a na okoliczno\u015bci i motywy powstania pisma rzuca osoba jego autora.<\/p>\n\n\n\n<div class=\"wp-block-image\"><figure class=\"aligncenter size-large is-resized\"><img loading=\"lazy\" decoding=\"async\" src=\"http:\/\/radzynskirocznik.pl\/wp-content\/uploads\/2021\/08\/CHLOP.jpg\" alt=\"\" class=\"wp-image-2721\" width=\"494\" height=\"678\" srcset=\"https:\/\/radzynskirocznik.pl\/wp-content\/uploads\/2021\/08\/CHLOP.jpg 610w, https:\/\/radzynskirocznik.pl\/wp-content\/uploads\/2021\/08\/CHLOP-219x300.jpg 219w\" sizes=\"auto, (max-width: 494px) 100vw, 494px\" \/><figcaption>Romuald Zerych, <em>Ch\u0142op Polski Ludowej<\/em>, 1952. Galeria Sztuki Socrealizmu, Muzeum Zamoyskich w Koz\u0142\u00f3wce. Fot. Dariusz Magier, 2021.<\/figcaption><\/figure><\/div>\n\n\n\n<p class=\"has-text-align-center\">***<\/p>\n\n\n\n<p>Dane nadawcy widniej\u0105ce pod pismem (nazwisko, adres i nr telefonu) potwierdzaj\u0105, \u017ce by\u0142 nim in\u017c. Franciszek Cieci\u00f3ra<a href=\"#_ftn6\">[6]<\/a> \u2013 syn J\u00f3zefa i Florentyny z d. Gaj, urodzony 1 pa\u017adziernika 1909 r. w Che\u0142mnie, gm. Mas\u0142owice w powiecie radomszcza\u0144skim, w bogatej rodzinie ch\u0142opskiej. Mia\u0142 czterech braci. Nauk\u0119 rozpocz\u0105\u0142 w szkole ludowej w Che\u0142mnie, by w wieku 10 lat kontynuowa\u0107 j\u0105 w gimnazjum w Piotrkowie Trybunalskim. Po jego uko\u0144czeniu w 1928 r. dosta\u0142 si\u0119 na studia na Politechnik\u0119 Warszawsk\u0105, na Wydzia\u0142 In\u017cynierii Wodnej, kt\u00f3re uko\u0144czy\u0142 w 1935 r. jako in\u017cynier budownictwa l\u0105dowego i wodnego. Ju\u017c rok wcze\u015bniej rozpocz\u0105\u0142 prac\u0119 w Biurze Dr\u00f3g Wodnych, gdzie pozostawa\u0142 (z roczn\u0105 przerw\u0105 na s\u0142u\u017cb\u0119 wojskow\u0105) do 1938 r., by nast\u0119pnie przenie\u015b\u0107 si\u0119 do Sp\u00f3\u0142dzielni Grupa Techniczna w Warszawie, z kt\u00f3r\u0105 by\u0142 zwi\u0105zany do 1945 r. W tym czasie wzi\u0105\u0142 udzia\u0142 w wojnie obronnej, walczy\u0142 m.in. pod Kockiem, gdzie dosta\u0142 si\u0119 do niewoli. Przebywa\u0142 w Stalagu XI A Altengrab\u00f3w ko\u0142o Magdeburga, z kt\u00f3rego we wrze\u015bniu 1940 r. zosta\u0142 zwolniony z powodu ci\u0119\u017ckiego stanu zdrowia<a href=\"#_ftn7\">[7]<\/a>.<\/p>\n\n\n\n<p>Rodzina i szko\u0142a da\u0142a pochodz\u0105cemu ze wsi ch\u0142opakowi konserwatywne wychowanie (jego brat Edward w czasie okupacji niemieckiej by\u0142 \u017co\u0142nierzem Armii Krajowej, a on sam wsp\u00f3\u0142pracowa\u0142 ze strukturami Polskiego Pa\u0144stwa Podziemnego), jednak w czasie studi\u00f3w zwi\u0105za\u0142 si\u0119 z lewicowo-pi\u0142sudczykowskim Zwi\u0105zkiem M\u0142odzie\u017cy Demokratycznej i zosta\u0142 wyznawc\u0105 syndykalizmu. Jak p\u00f3\u017aniej podkre\u015bla\u0142 (raczej na wyrost), pobyt w tej organizacji da\u0142 mu \u201epodstawy do rozpoznania hase\u0142 spo\u0142ecznych, w dalszym ci\u0105gu wzm\u00f3g\u0142 zainteresowania spo\u0142eczne, a wyst\u0119powanie w ramach grupy post\u0119powej \u2013 tabliczk\u0119 lewicy\u201d<a href=\"#_ftn8\">[8]<\/a>. Niew\u0105tpliwie to wyznanie mia\u0142o po wojnie charakter pr\u00f3by przypodobania si\u0119 nowej w\u0142adzy i zaliczenia do grona \u201eswoich\u201d<a href=\"#_ftn9\">[9]<\/a>. 11 marca 1945 r. z\u0142o\u017cy\u0142 kwestionariusz dla wst\u0119puj\u0105cych do Polskiej Partii Robotniczej i 1 sierpnia tego roku zosta\u0142 przyj\u0119ty, i wci\u0105gni\u0119ty na ewidencj\u0119 cz\u0142onk\u00f3w Komitetu Dzielnicowego partii komunistycznej Warszawa \u2013 \u015ar\u00f3dmie\u015bcie. To znacznie przyspieszy\u0142o karier\u0119. W latach 1945-1946 Franciszek Cieci\u00f3ra kierowa\u0142 Sto\u0142ecznym Przedsi\u0119biorstwem Budowlanym, w latach 1946-1948 by\u0142 sekretarzem generalnym Naczelnej Organizacji Technicznej<a href=\"#_ftn10\">[10]<\/a>, od marca do listopada 1948 r. piastowa\u0142 funkcj\u0119 szefa Departamentu Kwaterunkowo-Budowlanego w Ministerstwie Obrony Narodowej<a href=\"#_ftn11\">[11]<\/a>.<\/p>\n\n\n\n<p>W okresie weryfikacji cz\u0142onk\u00f3w PPR przed tzw. kongresem zjednoczeniowym ruchu robotniczego sporz\u0105dzono charakterystyk\u0119 Franciszka Cieci\u00f3ry, kt\u00f3ra zawiera\u0142a opini\u0119, \u017ce jest \u201ebezwzgl\u0119dnie uczciwy i moralny\u201d, lecz \u201ena wy\u017csze stanowisko kierowniczo-organizacyjne nie nadaje si\u0119, mo\u017ce natomiast by\u0107 wykorzystany na stanowisku wykonawczym \u015bredniej skali\u201d<a href=\"#_ftn12\">[12]<\/a>. Przeszed\u0142 weryfikacj\u0119 i 27 grudnia 1948 r. potwierdzi\u0142 odbi\u00f3r legitymacji PZPR nr 127966. W lutym 1950 r. sw\u00f3j \u017cyciorys ko\u0144czy\u0142, tyle\u017c wiernopodda\u0144cz\u0105 co autentyczn\u0105 w swej fina\u0142owej cz\u0119\u015bci, deklaracj\u0105: \u201eJestem internacjonalist\u0105 z rozumienia i przekonania, gor\u0105cym zwolennikiem przyja\u017ani i wielbicielem Zwi\u0105zku Radzieckiego, i jego Wielkiego Wodza J\u00f3zefa Stalina. Los sw\u00f3j sprz\u0105g\u0142em ca\u0142kowicie z klas\u0105 robotnicz\u0105 i jej parti\u0105, kt\u00f3ra mo\u017ce zawsze na mnie liczy\u0107 w miar\u0119 moich si\u0142, umiej\u0119tno\u015bci i mo\u017cliwo\u015bci, a\u017c do ko\u0144ca. W tym te\u017c duchu staram si\u0119 wychowywa\u0107 swoje dzieci\u201d<a href=\"#_ftn13\">[13]<\/a>.<\/p>\n\n\n\n<p>W tym czasie 41-letni Franciszek Cieci\u00f3ra pe\u0142ni\u0142 funkcj\u0119 dyrektora Pa\u0144stwowego Przedsi\u0119biorstwa Budowlanego \u201eBetostal\u201d w Warszawie, a nast\u0119pnie dyrektora naczelnego Dyrekcji Miejscowych Przedsi\u0119biorstw Budowlanych. To ostatnie stanowisko sprawowa\u0142 do 1 pa\u017adziernika 1950 r.<a href=\"#_ftn14\">[14]<\/a> By\u0142 to jednak ju\u017c szczyt jego kariery. Zarz\u0105dzaj\u0105c (wbrew zaleceniom zawartym w charakterystyce partyjnej) DMPB wpad\u0142 w konflikt z zak\u0142adow\u0105 podstawow\u0105 organizacj\u0105 partyjn\u0105, kt\u00f3ra na rozszerzonym posiedzeniu egzekutywy 5 czerwca 1950 r. oskar\u017cy\u0142a go o brak zdolno\u015bci kierowniczych i organizacyjnych, formalizm i biurokratyzm, dygnitarski spos\u00f3b bycia, otaczanie si\u0119 klik\u0105 \u201eludzi ideologicznie obcych\u201d oraz \u2013 co by\u0142o kluczowe w \u00f3wczesnym momencie dziejowym \u2013 \u201ezatraci\u0142 czujno\u015b\u0107 polityczn\u0105 i wprowadza\u0142, i opiekowa\u0142 si\u0119 lud\u017ami wrogimi politycznie\u201d<a href=\"#_ftn15\">[15]<\/a>. W efekcie egzekutywa wysun\u0119\u0142a wniosek o udzieleniu mu na nast\u0119pnym posiedzeniu nagany z ostrze\u017ceniem<a href=\"#_ftn16\">[16]<\/a>. Jednak\u017ce kolejne posiedzenie egzekutywy POP po prostu wykluczy\u0142o Franciszka Cieciur\u0119 z szereg\u00f3w partii komunistycznej, co zatwierdzi\u0142a sto\u0142eczna Komisja Kontroli Partyjnej 14 pa\u017adziernika 1950 r. Poszkodowany odwo\u0142a\u0142 si\u0119 do Centralnej Komisji Kontroli Partyjnej PZPR, kt\u00f3ra 6 marca 1951 r. zatwierdzi\u0142a uchwa\u0142\u0119 komisji ni\u017cszej instancji o wykluczeniu Franciszka Cieci\u00f3ry z PZPR \u201eza obco\u015b\u0107 ideologiczn\u0105\u201d<a href=\"#_ftn17\">[17]<\/a>. Gorliwy w swych zapewnieniach wyznawca idei marksistowsko-leninowskiej i wielbiciel Stalina, pomys\u0142odawca uczczenia powstania PZPR zmian\u0105 hymnu narodowego, podkre\u015blaj\u0105cy samokrytycznie, \u017ce zna swoje ograniczenia spowodowane pochodzeniem, lecz ci\u0105gle z nimi walczy<a href=\"#_ftn18\">[18]<\/a>, znalaz\u0142 si\u0119 poza parti\u0105 komunistyczn\u0105<a href=\"#_ftn19\">[19]<\/a>.<\/p>\n\n\n\n<p>Analizuj\u0105c osob\u0119 autora pomys\u0142u i uzasadnienia zmiany hymnu narodowego nie trudno wysun\u0105\u0107 hipotez\u0119, \u017ce jego pomys\u0142 by\u0142 spowodowany postaw\u0105 neofickiej gorliwo\u015bci, nieustann\u0105 potrzeb\u0105 udowadniania decydentom ideowego zaanga\u017cowania i wiary w komunizm ze strony osoby upo\u015bledzonej niew\u0142a\u015bciwym, \u201eku\u0142ackim\u201d pochodzeniem i obarczonej \u017cyciorysem nie id\u0105cym \u201epo linii\u201d marksistowsko-leninowskiej.<\/p>\n\n\n\n<p class=\"has-text-align-center\">****<\/p>\n\n\n\n<p>Omawiany dokument jest maszynopisem oznaczonym kancelaryjnym znakiem DP\/VIII\/7, licz\u0105cym 2 strony formatu A4. Na oryginalnym tek\u015bcie autor (?) nani\u00f3s\u0142 r\u0119cznie kilka redakcyjnych zmian. Edycj\u0119 oparto na og\u00f3lnych zasadach opracowanych przez Ireneusza Ihnatowicza<a href=\"#_ftn20\">[20]<\/a>, dostosowanych do potrzeb \u017ar\u00f3de\u0142 wytworzonych w po\u0142owie XX wieku. Pisownia oraz interpunkcja zosta\u0142y zmodernizowane, zachowano jedynie oryginalne wyra\u017cenia, kt\u00f3re \u015bwiadcz\u0105 o ideowym zaanga\u017cowaniu autora. Zastosowano przypisy bez rozr\u00f3\u017cniania na tekstowe i rzeczowe. W nawiasie kwadratowym umieszczono uzupe\u0142nienia w tek\u015bcie.<\/p>\n\n\n<p><\/p>\n\n\n<p class=\"has-text-align-center\">DOKUMENT<\/p>\n\n\n\n<p class=\"has-text-align-center\"><strong>Kongres Zjednoczeniowy ustali nowy Hymn Narodowy Polski<\/strong><\/p>\n\n\n\n<p>\u201eCzyn Kongresowy\u201d oznacza wi\u0119cej ni\u017c prosty wyraz solidarno\u015bci i poparcia milionowych<a href=\"#_ftn21\">[21]<\/a> mas pracuj\u0105cych dla zjednoczenia polskich partii robotniczych. To dow\u00f3d wej\u015bcia w nowy okres historycznego rozwoju polskiego narodu.<\/p>\n\n\n\n<p>\u201eCzyn Kongresowy\u201d jest wyrazem zaszczepionej, \u015bwiadomej, nieprzemno\u017conej si\u0142y, tkwi\u0105cej w masach pracuj\u0105cych, wytrwa\u0142ej, sk\u0142onnej do wszelkich wyrzecze\u0144, gor\u0105co oddanej Polsce Ludowej, jest symbolem i przejawem przemian tw\u00f3rczych dokonanych w psychice wszystkich warstw pracuj\u0105cych, jest powszechnym i pe\u0142nym wyrazem faktu zamkni\u0119cia starego okresu \u017cycia narodowego.<\/p>\n\n\n\n<p>Budzicielem tej si\u0142y jest Front Demokratyczny na czele z klas\u0105 robotnicz\u0105 pod przewodem Polskiej Partii Robotniczej i Polskiej Partii Socjalistycznej i dlatego moment, w kt\u00f3rym si\u0142y ludowe wzmagaj\u0105 si\u0119 wielokrotnie, kiedy zmianie formy Frontu Demokratycznego towarzyszy zmiana tre\u015bci \u015bwiadomo\u015bci narodowej, nie mo\u017ce sta\u0107 si\u0119 tylko chwil\u0105 formalnego aktu, po\u0142o\u017ceniem piecz\u0119ci nad dokonanym ju\u017c faktycznie zjednoczeniem.<\/p>\n\n\n\n<p>Ka\u017cdy nar\u00f3d, na ka\u017cdym etapie swojego rozwoju, stara si\u0119 obj\u0105\u0107 swoj\u0105 tre\u015b\u0107 w jednym ha\u015ble, kt\u00f3re jest wychowawc\u0105 pokole\u0144, kt\u00f3re jest zawsze \u017ar\u00f3d\u0142em natchnie\u0144 i najlepszych, i najwi\u0119kszych poryw\u00f3w spo\u0142ecznych i tw\u00f3rczych. Has\u0142a takie w postaci hymn\u00f3w narodowych s\u0105 zawsze odbiciem d\u0105\u017ce\u0144 przoduj\u0105cych na danym etapie klas spo\u0142ecznych. Stworzy\u0142y je wielkie rewolucje francuska i radziecka, w Polsce tworzy\u0142y je dru\u017cyny Bolkowe w zwyci\u0119skich walkach z Niemcami o Odr\u0119 i Nys\u0119, \u0141okietkowe w walkach z Krzy\u017cakami, t\u0142usty okres ostatnich Jagiellon\u00f3w i walki wyzwole\u0144cze z przemoc\u0105 zaborc\u00f3w, bo \u2013 p\u00f3ki my \u017cyjemy<a href=\"#_ftn22\">[22]<\/a> \u2013 Polska jeszcze nie zgin\u0119\u0142a. Za ka\u017cdym razem powstawa\u0142 hymn nowy, kiedy stary nie odpowiada\u0142 ju\u017c warunkom \u017cycia narodu, w chwilach wielkich prze\u0142om\u00f3w, w chwilach jak dzie\u0144 dzisiejszy w Polsce Ludowej.<\/p>\n\n\n\n<p>Dzi\u015b has\u0142o z czas\u00f3w D\u0105browskiego jest ju\u017c nieaktualne. Wystarcza\u0142o jeszcze za sanacji, za czas\u00f3w Polski sezonowej, w kt\u00f3r\u0105 nie wierzyli nawet jej kierownicy \u2013 endeccy, prawicowi odszczepie\u0144cy i zdrajcy socjalizmu i ludu polskiego sanacyjni pu\u0142kownicy. Jeszcze wtedy by\u0142 uzasadniony, a dzi\u015b ju\u017c nie. Bo Polska Ludowa od pierwszej chwili po wyzwoleniu walczy\u0142a bezustannie \u201eo ch\u0142odzie i g\u0142odzie\u201d, aby \u017cy\u0107 i \u017cycie zapewni\u0107 na przysz\u0142o\u015b\u0107, aby najlepsze soki spo\u0142eczne wytworzy\u0107 i spo\u017cytkowa\u0107 dla dobra narodowego, dla niezale\u017cnego bytu pa\u0144stwowego i swoich najwarto\u015bciowszych klas \u2013 robotniczej i ch\u0142opskiej. Dzi\u015b perspektywy<a href=\"#_ftn23\">[23]<\/a> naszego bytu narodowego i pa\u0144stwowego nie ulegaj\u0105 dla nikogo \u017cadnych w\u0105tpliwo\u015bci. Dzi\u015b oparli\u015bmy Polsk\u0119 i jej \u017cywotno\u015b\u0107 na sprawiedliwym ustroju spo\u0142ecznym, entuzjazmie pracy i wsp\u00f3\u0142zawodnictwie oraz na sojuszach z bratnimi nam narodami o ustroju ludowym, ze Zwi\u0105zkiem Radzieckim na czele, jako sztandarem wolno\u015bci narod\u00f3w. Dlatego czas przekaza\u0107 do naszego narodowego sanktuarium pami\u0105tek ten hymn, kt\u00f3ry porusza\u0142 dziesi\u0105tki pokole\u0144 polskich do walki o Polsk\u0119, cho\u0107by o tak\u0105, kt\u00f3ra jednak \u017cyje.<\/p>\n\n\n\n<p>Dzi\u015b nar\u00f3d potrzebuje nowego hymnu narodowego \u2013 sprawiedliwo\u015bci, pracy i wsp\u00f3\u0142pracy socjalistycznej jako swego drogowskazu. Czyn Kongresowy jest tego oczywistym potwierdzeniem. Kongres Zjednoczeniowy polskich partii robotniczych posiada si\u0142\u0119 narzucenia ca\u0142emu narodowi has\u0142a, kt\u00f3rego jest g\u0142\u00f3wnym promotorem i ju\u017c w tej chwili realizatorem. Uczucia s\u0105 rozpalone. Masy pracuj\u0105ce podchwyc\u0105 nasz nowy polski hymn pracy natychmiast i z entuzjazmem.<\/p>\n\n\n\n<p>Ka\u017cdy pokongresowy dzie\u0144 zw\u0142oki b\u0119dzie dniem rozpraszania energii dzieci, m\u0142odzie\u017cy, robotnik\u00f3w i ch\u0142op\u00f3w, inteligencji pracuj\u0105cej i \u017co\u0142nierzy. Tylko brak wiary w nar\u00f3d polski, w jego masy pracuj\u0105ce, w sojusz robotniczo-ch\u0142opski, w jego si\u0142\u0119 przewodzenia narodowi, m\u00f3g\u0142by nam dyktowa\u0107 utrzymanie nadal starego hymnu.<\/p>\n\n\n\n<p class=\"has-text-align-right\">Fr. Cieci\u00f3ra<\/p>\n\n\n\n<p class=\"has-text-align-right\">W-wa, Koszykowa 14 m. 5<\/p>\n\n\n\n<p class=\"has-text-align-right\">tel. 88-443<\/p>\n\n\n\n<hr class=\"wp-block-separator\"\/>\n\n\n\n<p><strong>Przypisy:<\/strong><\/p>\n\n\n\n<p><a href=\"#_ftnref1\">[1]<\/a> Archiwum Akt Nowych w Warszawie (dalej: AAN), Polska Partia Robotnicza Komitet Centralny, sygn. 295\/X \u2013 59, s. 24-27, Instrukcja akcji propagandowej zwi\u0105zanej z Kongresem Jedno\u015bci Klasy Robotniczej.<\/p>\n\n\n\n<p><a href=\"#_ftnref2\">[2]<\/a> Ibidem, s. 22-23.<\/p>\n\n\n\n<p><a href=\"#_ftnref3\">[3]<\/a> Ibidem, s. 23.<\/p>\n\n\n\n<p><a href=\"#_ftnref4\">[4]<\/a> K. Tyszka, <em>Nacjonalizm w komunizmie<\/em>, Warszawa 2004, s. 138.<\/p>\n\n\n\n<p><a href=\"#_ftnref5\">[5]<\/a> Pomys\u0142y \u201edostosowania\u201d hymnu narodowego do sytuacji politycznej rzeczywi\u015bcie by\u0142y rozwa\u017cane w pewnych kr\u0119gach, jednak\u017ce dotychczasowe ustalenia odno\u015bnie tej kwestii dotycz\u0105 okresu p\u00f3\u017aniejszego o 4 lata. W 1952 r. Boles\u0142aw Bierut mia\u0142 zwr\u00f3ci\u0107 si\u0119 do W\u0142adys\u0142awa Broniewskiego z propozycj\u0105 napisania s\u0142\u00f3w nowego hymnu. Podobno Broniewski, wzburzony, propozycj\u0119 odrzuci\u0142, zob. D. Zagzi\u0142, <em>\u201eDosy\u0107 ju\u017c tego Mazurka\u201d, czyli jak Bierut chcia\u0142 or\u0142owi g\u0142ow\u0119 urwa\u0107<\/em>, \u201ePami\u0119\u0107.pl\u201d, nr 11, 2014, s. 38-40. Na motywy ideowo-polityczne ewentualnej zmiany hymnu wp\u0142yw m\u00f3g\u0142 mie\u0107 r\u00f3wnie\u017c fakt, \u017ce prze\u0142om 1948 i 1949 r. to w Polsce pocz\u0105tek obowi\u0105zywania realizmu socjalistycznego w muzyce. Warto przy tym przypomnie\u0107, \u017ce z okazji kongresu zjednoczeniowego og\u0142oszono konkurs na pie\u015b\u0144 towarzysz\u0105c\u0105 wydarzeniu, i by\u0107 mo\u017ce liczono, i\u017c wp\u0142ynie na\u0144 utw\u00f3r na miar\u0119 nowego hymnu. Laureatki: <em>Pie\u015b\u0144 Zjednoczonych Partii<\/em> (muz. Andrzej Panufnik, s\u0142. Leopold Lewin) oraz <em>Pie\u015b\u0144 Jedno\u015bci<\/em> (muz. Alfred Gradstein, s\u0142. Stanis\u0142aw Wygodzki) mog\u0142y nie spe\u0142ni\u0107 tych oczekiwa\u0144.<\/p>\n\n\n\n<p><a href=\"#_ftnref6\">[6]<\/a> Spis telefon\u00f3w Warszawskiego Okr\u0119gu Poczty i Telekomunikacji na rok 1950, s. 52, <a href=\"https:\/\/bibliotekacyfrowa.eu\/Content\/42768\/47648.pdf\">https:\/\/bibliotekacyfrowa.eu\/Content\/42768\/47648.pdf<\/a> (dost\u0119p: 20.12.2020).<\/p>\n\n\n\n<p><a href=\"#_ftnref7\">[7]<\/a> AAN, Komitet Centralny Polskiej Zjednoczonej Partii Robotniczej (dalej: KC PZPR), sygn. XX\/14673, s. 1, \u017byciorys z 11.03.1945 r.<\/p>\n\n\n\n<p><a href=\"#_ftnref8\">[8]<\/a> Ibidem, s. 2.<\/p>\n\n\n\n<p><a href=\"#_ftnref9\">[9]<\/a> Tym bardziej, \u017ce w\u0142asnor\u0119czny \u017cyciorys pisany w\u00f3wczas, nie stroni od ideologicznych wyzna\u0144 \u201epod publiczk\u0119\u201d w stylu: \u201eDopiero praktyka \u017cyciowa i studia naukowe nad kwesti\u0105 organizacji produkcji pobudzi\u0142y mnie do zapoznania si\u0119 z teori\u0105 materializmu dziejowego. W pracach kapitalistycznych [\u2026] wyczuwa\u0142em zawsze nieszczero\u015b\u0107 w wyci\u0105ganiu wniosk\u00f3w w stosunku do \u015bwiata pracy i ideologii marksistowsko-leninowskiej. Wyja\u015bnienie wszystkich najmniejszych problem\u00f3w spo\u0142ecznych, gospodarczych i politycznych, uzna\u0142em za mo\u017cliwe tylko na podstawie materialistycznej. Zrozumia\u0142em te\u017c, dlaczego jest ona nie do przyj\u0119cia przez sfery paso\u017cytnicze. D\u0105\u017cenie tych element\u00f3w do przewagi przez zdobycie nieuczciwe zysk\u00f3w materialnych na ludziach pracy jest przecie\u017c miernikiem ich powodzenia \u017cyciowego. W zdobywaniu tego nie licz\u0105 si\u0119 oni z bli\u017animi i duchami, o kt\u00f3rych ca\u0142e pokolenia paso\u017cyt\u00f3w stworzy\u0142y takie pi\u0119kne \u00abnauki\u00bb. S\u0105 w czynach materialistami, w s\u0142owach idealistami. W ka\u017cdym dzia\u0142aniu reakcjonisty widoczne s\u0105: egoizm, bezczelno\u015b\u0107, a przewa\u017cnie r\u00f3wnie\u017c gwa\u0142t. To sk\u0142ania mnie i zmusza do walki. [\u2026] Has\u0142o wsp\u00f3lnej walki, jedynie prowadz\u0105ce do celu, w realizacji postulat\u00f3w \u015bwiata pracy, walki bezwzgl\u0119dnej i dlatego prowadz\u0105cej do zwyci\u0119stwa proletariatu, przyj\u0105\u0142em za swoje w\u0142asne i postanowi\u0142em po\u015bwi\u0119ci\u0107 dla niego wszystkie swoje najlepsze ch\u0119ci i wysi\u0142ki\u201d. Ibidem, s. 2-3. W kolejnym \u017cyciorysie z 26.02.1950 r. przejaskrawianie drogi politycznego u\u015bwiadamiania ideowego przysz\u0142ego komunisty s\u0105 jeszcze wyra\u017aniejsze, zob. Ibidem, s. 11-14.<\/p>\n\n\n\n<p><a href=\"#_ftnref10\">[10]<\/a> Kieruj\u0105c NOT-em Franciszek Cieci\u00f3ra przejawia\u0142 du\u017c\u0105 aktywno\u015b\u0107. Warto wspomnie\u0107 jego programowy artyku\u0142 <em>Geneza i wytyczne organizacji NOT<\/em>, zamieszczony w po\u0142owie 1946 r. na \u0142amach \u201ePrzegl\u0105du Technicznego\u201d, zob. <em>Niech \u017cyje plan! (1945-49)<\/em>, <a href=\"http:\/\/arch.przeglad-techniczny.pl\/archiwum\/arch\/2006\/19\/HistoriaPT.htm\">http:\/\/arch.przeglad-techniczny.pl\/archiwum\/arch\/2006\/19\/HistoriaPT.htm<\/a> (dost\u0119p; 20.12.2020). Sam za\u015b odnotowywa\u0142: \u201eNa tym stanowisku w du\u017cym stopniu przyczyni\u0142em si\u0119 do zmontowania ca\u0142ej siatki stowarzysze\u0144 technicznych, zorganizowania w nich oko\u0142o 20.000 in\u017cynier\u00f3w i technik\u00f3w, opracowania dla nich statut\u00f3w, zorganizowania w roku 1946 Kongresu Technik\u00f3w Polskich w Katowicach, rozpocz\u0119cia wsp\u00f3\u0142pracy kraju w mi\u0119dzynarodowych organizacjach technicznych oraz ustalenia tam pozycji Polski, zlikwidowania wp\u0142yw\u00f3w emigracyjnych na mi\u0119dzynarodowe organizacje techniczne. Ta akcja podci\u0119\u0142a ca\u0142kowicie wszelkie pr\u00f3by organizowania stowarzysze\u0144 reakcyjnych\u201d, AAN, KC PZPR, sygn. XX\/14673, s. 28, \u017byciorys Franciszka Cieci\u00f3ry z 26.02.1950 r.<\/p>\n\n\n\n<p><a href=\"#_ftnref11\">[11]<\/a> Ibidem, s. 60,<\/p>\n\n\n\n<p><a href=\"#_ftnref12\">[12]<\/a> Ibidem, s. 56, Charakterystyka partyjna Franciszka Cieci\u00f3ry z 13.12.1948 r.<\/p>\n\n\n\n<p><a href=\"#_ftnref13\">[13]<\/a> Ibidem, s. 14. W tym czasie Franciszek Cieci\u00f3ra mia\u0142 6 dzieci. Jego \u017con\u0105 by\u0142a Antonina z Ma\u0144kowskich, Ibidem, s. 30, Ankieta personalna Franciszka Cieci\u00f3ry z 24.02.1950 r.<\/p>\n\n\n\n<p><a href=\"#_ftnref14\">[14]<\/a> Ibidem, s. 60.<\/p>\n\n\n\n<p><a href=\"#_ftnref15\">[15]<\/a> Ibidem, s. 67-68, Protok\u00f3\u0142 z posiedzenia Egzekutywy POP PZPR przy DMPB w dniu 5.06.1950 r.<\/p>\n\n\n\n<p><a href=\"#_ftnref16\">[16]<\/a> Ibidem.<\/p>\n\n\n\n<p><a href=\"#_ftnref17\">[17]<\/a> Ibidem, s. 70, Uchwa\u0142a Centralnej Komisji Kontroli Partyjnej PZPR z 6.03.1951 r. W uchwale stwierdzono: \u201eCieci\u00f3ra Franciszek jest to cz\u0142owiek obcy naszej Partii, zar\u00f3wno ze wzgl\u0119du na swe pochodzenie, jak i na sw\u0105 dzia\u0142alno\u015b\u0107. Syn ku\u0142aka \u2013 ojciec posiada\u0142 42 ha ziemi \u2013 Cieci\u00f3ra wyni\u00f3s\u0142 ze swego \u015brodowiska wszystko to, co uniemo\u017cliwia\u0142o zwi\u0105za\u0107 go z Parti\u0105, o czym wreszcie \u015bwiadczy jego dzia\u0142alno\u015b\u0107 w okresie [okupacji] oraz po wyzwoleniu. Cieci\u00f3ra w okresie okupacji wsp\u00f3\u0142pracowa\u0142 z Delegatur\u0105 rz\u0105du londy\u0144skiego, z ramienia kt\u00f3rej otrzymuje [zadanie] opracowania \u017ceglugi na Odrze oraz zagospodarowanie terenu wroc\u0142awskiego. Wsp\u00f3\u0142prac\u0119 z Delegatur\u0105 Cieci\u00f3ra zatai\u0142 przy nawi\u0105zaniu kontaktu z PPR w okresie okupacji oraz przy wst\u0119powaniu do partii po wyzwoleniu. [\u2026] Dzia\u0142alno\u015b\u0107 i zachowanie Cieci\u00f3ry \u015bwiadcz\u0105 o tym, \u017ce znalaz\u0142 si\u0119 on przypadkowo w szeregach partyjnych\u201d, Ibidem.<\/p>\n\n\n\n<p><a href=\"#_ftnref18\">[18]<\/a> \u201ePracuj\u0119 w ka\u017cdej wolniejszej chwili nad pog\u0142\u0119bieniem i rozszerzeniem poziomu swojej \u015bwiadomo\u015bci klasowej, odrabiam braki w lekturze marksisto[wskiej], staram si\u0119 pos\u0142ugiwa\u0107 broni\u0105 samokrytyki, ci\u0105gle poprawia\u0107 kolektywno\u015b\u0107 pracy, zwalcza\u0107 w sobie oportunizm polityczny i przenosi\u0107 has\u0142a polityczne na praktyk\u0119 swojej dzia\u0142alno\u015bci zawodowej, wp\u0142ywa\u0107 i wychowywa\u0107 otoczenie w szacunku i uznaniu dla Partii i jej hase\u0142\u201d, Ibidem, s. 29, \u017byciorys Franciszka Cieci\u00f3ry z 26.02.1950 r.<\/p>\n\n\n\n<p><a href=\"#_ftnref19\">[19]<\/a> Na Franciszka Cieci\u00f3r\u0119 nie natrafiono w dokumentacji partii komunistycznej z lat p\u00f3\u017aniejszych. Wedle systemu PESEL zmar\u0142 4.12.1984 r.<\/p>\n\n\n\n<p><a href=\"#_ftnref20\">[20]<\/a> I. Ihnatowicz, <em>Projekt instrukcji wydawniczej dla \u017ar\u00f3de\u0142 historycznych XIX i pocz\u0105tku XX wieku<\/em>, \u201eStudia \u0179r\u00f3d\u0142oznawcze\u201d, nr 7, 1962, s. 99-124.<\/p>\n\n\n\n<p><a href=\"#_ftnref21\">[21]<\/a> S\u0142owo \u201emilionowych\u201d dopisane r\u0119cznie.<\/p>\n\n\n\n<p><a href=\"#_ftnref22\">[22]<\/a> W oryginale \u201ekiedy my \u017cyjemy\u201d. Cz\u0119sty b\u0142\u0105d Polak\u00f3w \u015bpiewaj\u0105cych <em>Mazurka D\u0105browskiego<\/em>.<\/p>\n\n\n\n<p><a href=\"#_ftnref23\">[23]<\/a> S\u0142owo \u201eperspektywy\u201d dopisane r\u0119cznie.<\/p>\n\n\n<hr>\n\n\n<\/p>\n<p><strong>Bibliografia cytowa\u0144:<\/strong><\/p>\n<p>\n\n\n\n<\/p>\n<p>Ihnatowicz I., <em>Projekt instrukcji wydawniczej dla \u017ar\u00f3de\u0142 historycznych XIX i pocz\u0105tku XX wieku<\/em>, \u201eStudia \u0179r\u00f3d\u0142oznawcze\u201d, nr 7, 1962, s. 99-124.<\/p>\n<p>\n\n\n\n<\/p>\n<p><em>Niech \u017cyje plan! (1945-49)<\/em>, <a href=\"http:\/\/arch.przeglad-techniczny.pl\/archiwum\/arch\/2006\/19\/HistoriaPT.htm\">http:\/\/arch.przeglad-techniczny.pl\/archiwum\/arch\/2006\/19\/HistoriaPT.htm<\/a> (dost\u0119p; 29.07.2021)<\/p>\n<p>\n\n\n\n<\/p>\n<p>Tyszka K., <em>Nacjonalizm w komunizmie<\/em>, Warszawa 2004.<\/p>\n<p>\n\n\n\n<\/p>\n<p>Zagzi\u0142 D., <em>\u201eDosy\u0107 ju\u017c tego Mazurka\u201d, czyli jak Bierut chcia\u0142 or\u0142owi g\u0142ow\u0119 urwa\u0107<\/em>, \u201ePami\u0119\u0107.pl\u201d, nr 11, 2014, s. 38-40.<\/p>\n<p>\n\n\n<p><\/p>\n\n\n<p><\/p>\n","protected":false},"excerpt":{"rendered":"<p>Dariusz Magier Oryginalna wersja cyfrowa 18.08.2021 Wersja drukowana 5.11.2021 DOI: 10.36121\/RRH.MAGIER.19.2021 * Zar\u00f3wno relacjonuj\u0105cy wydarzenia poprzedzaj\u0105ce tzw. kongres zjednoczeniowy Polskiej Partii Robotniczej i Polskiej Partii Socjalistycznej w dniach 15-21 grudnia 1948 r., jak i autorzy opracowa\u0144 historycznych, zwracaj\u0105 uwag\u0119 na wyj\u0105tkow\u0105 atmosfer\u0119 towarzysz\u0105c\u0105 kampanii przedzjazdowej. By\u0142a ona wynikiem realizacji drobiazgowego scenariusza opracowanego przez komunist\u00f3w i [&hellip;]<\/p>\n","protected":false},"author":3,"featured_media":0,"parent":0,"menu_order":0,"comment_status":"closed","ping_status":"closed","template":"","meta":{"footnotes":""},"class_list":["post-2715","page","type-page","status-publish","hentry"],"yoast_head":"<!-- This site is optimized with the Yoast SEO plugin v26.6 - https:\/\/yoast.com\/wordpress\/plugins\/seo\/ -->\n<title>In\u017cynier Cieci\u00f3ra uzasadnia potrzeb\u0119 zmiany hymnu narodowego z okazji powstania Polskiej Zjednoczonej Partii Robotniczej - Radzy\u0144ski Rocznik Humanistyczny<\/title>\n<meta name=\"robots\" content=\"index, follow, max-snippet:-1, max-image-preview:large, max-video-preview:-1\" \/>\n<link rel=\"canonical\" href=\"https:\/\/radzynskirocznik.pl\/?page_id=2715\" \/>\n<meta property=\"og:locale\" content=\"pl_PL\" \/>\n<meta property=\"og:type\" content=\"article\" \/>\n<meta property=\"og:title\" content=\"In\u017cynier Cieci\u00f3ra uzasadnia potrzeb\u0119 zmiany hymnu narodowego z okazji powstania Polskiej Zjednoczonej Partii Robotniczej - Radzy\u0144ski Rocznik Humanistyczny\" \/>\n<meta property=\"og:description\" content=\"Dariusz Magier Oryginalna wersja cyfrowa 18.08.2021 Wersja drukowana 5.11.2021 DOI: 10.36121\/RRH.MAGIER.19.2021 * Zar\u00f3wno relacjonuj\u0105cy wydarzenia poprzedzaj\u0105ce tzw. kongres zjednoczeniowy Polskiej Partii Robotniczej i Polskiej Partii Socjalistycznej w dniach 15-21 grudnia 1948 r., jak i autorzy opracowa\u0144 historycznych, zwracaj\u0105 uwag\u0119 na wyj\u0105tkow\u0105 atmosfer\u0119 towarzysz\u0105c\u0105 kampanii przedzjazdowej. By\u0142a ona wynikiem realizacji drobiazgowego scenariusza opracowanego przez komunist\u00f3w i [&hellip;]\" \/>\n<meta property=\"og:url\" content=\"https:\/\/radzynskirocznik.pl\/?page_id=2715\" \/>\n<meta property=\"og:site_name\" content=\"Radzy\u0144ski Rocznik Humanistyczny\" \/>\n<meta property=\"article:publisher\" content=\"https:\/\/www.facebook.com\/inbrosz\" \/>\n<meta property=\"article:modified_time\" content=\"2021-11-06T19:35:46+00:00\" \/>\n<meta property=\"og:image\" content=\"http:\/\/radzynskirocznik.pl\/wp-content\/uploads\/2021\/08\/CHLOP.jpg\" \/>\n<meta name=\"twitter:card\" content=\"summary_large_image\" \/>\n<meta name=\"twitter:label1\" content=\"Szacowany czas czytania\" \/>\n\t<meta name=\"twitter:data1\" content=\"13 minut\" \/>\n<script type=\"application\/ld+json\" class=\"yoast-schema-graph\">{\"@context\":\"https:\/\/schema.org\",\"@graph\":[{\"@type\":\"WebPage\",\"@id\":\"https:\/\/radzynskirocznik.pl\/?page_id=2715\",\"url\":\"https:\/\/radzynskirocznik.pl\/?page_id=2715\",\"name\":\"In\u017cynier Cieci\u00f3ra uzasadnia potrzeb\u0119 zmiany hymnu narodowego z okazji powstania Polskiej Zjednoczonej Partii Robotniczej - Radzy\u0144ski Rocznik Humanistyczny\",\"isPartOf\":{\"@id\":\"https:\/\/radzynskirocznik.pl\/#website\"},\"primaryImageOfPage\":{\"@id\":\"https:\/\/radzynskirocznik.pl\/?page_id=2715#primaryimage\"},\"image\":{\"@id\":\"https:\/\/radzynskirocznik.pl\/?page_id=2715#primaryimage\"},\"thumbnailUrl\":\"http:\/\/radzynskirocznik.pl\/wp-content\/uploads\/2021\/08\/CHLOP.jpg\",\"datePublished\":\"2021-08-17T11:05:55+00:00\",\"dateModified\":\"2021-11-06T19:35:46+00:00\",\"breadcrumb\":{\"@id\":\"https:\/\/radzynskirocznik.pl\/?page_id=2715#breadcrumb\"},\"inLanguage\":\"pl-PL\",\"potentialAction\":[{\"@type\":\"ReadAction\",\"target\":[\"https:\/\/radzynskirocznik.pl\/?page_id=2715\"]}]},{\"@type\":\"ImageObject\",\"inLanguage\":\"pl-PL\",\"@id\":\"https:\/\/radzynskirocznik.pl\/?page_id=2715#primaryimage\",\"url\":\"https:\/\/radzynskirocznik.pl\/wp-content\/uploads\/2021\/08\/CHLOP.jpg\",\"contentUrl\":\"https:\/\/radzynskirocznik.pl\/wp-content\/uploads\/2021\/08\/CHLOP.jpg\",\"width\":610,\"height\":837},{\"@type\":\"BreadcrumbList\",\"@id\":\"https:\/\/radzynskirocznik.pl\/?page_id=2715#breadcrumb\",\"itemListElement\":[{\"@type\":\"ListItem\",\"position\":1,\"name\":\"Strona g\u0142\u00f3wna\",\"item\":\"https:\/\/radzynskirocznik.pl\/?lang=en\"},{\"@type\":\"ListItem\",\"position\":2,\"name\":\"In\u017cynier Cieci\u00f3ra uzasadnia potrzeb\u0119 zmiany hymnu narodowego z okazji powstania Polskiej Zjednoczonej Partii Robotniczej\"}]},{\"@type\":\"WebSite\",\"@id\":\"https:\/\/radzynskirocznik.pl\/#website\",\"url\":\"https:\/\/radzynskirocznik.pl\/\",\"name\":\"Radzy\u0144ski Rocznik Humanistyczny\",\"description\":\"\",\"publisher\":{\"@id\":\"https:\/\/radzynskirocznik.pl\/#organization\"},\"potentialAction\":[{\"@type\":\"SearchAction\",\"target\":{\"@type\":\"EntryPoint\",\"urlTemplate\":\"https:\/\/radzynskirocznik.pl\/?s={search_term_string}\"},\"query-input\":{\"@type\":\"PropertyValueSpecification\",\"valueRequired\":true,\"valueName\":\"search_term_string\"}}],\"inLanguage\":\"pl-PL\"},{\"@type\":\"Organization\",\"@id\":\"https:\/\/radzynskirocznik.pl\/#organization\",\"name\":\"Instytut Bronis\u0142awa Szlubowskiego\",\"url\":\"https:\/\/radzynskirocznik.pl\/\",\"logo\":{\"@type\":\"ImageObject\",\"inLanguage\":\"pl-PL\",\"@id\":\"https:\/\/radzynskirocznik.pl\/#\/schema\/logo\/image\/\",\"url\":\"http:\/\/radzynskirocznik.pl\/wp-content\/uploads\/2020\/12\/logo-pion.jpg\",\"contentUrl\":\"http:\/\/radzynskirocznik.pl\/wp-content\/uploads\/2020\/12\/logo-pion.jpg\",\"width\":1393,\"height\":727,\"caption\":\"Instytut Bronis\u0142awa Szlubowskiego\"},\"image\":{\"@id\":\"https:\/\/radzynskirocznik.pl\/#\/schema\/logo\/image\/\"},\"sameAs\":[\"https:\/\/www.facebook.com\/inbrosz\"]}]}<\/script>\n<!-- \/ Yoast SEO plugin. -->","yoast_head_json":{"title":"In\u017cynier Cieci\u00f3ra uzasadnia potrzeb\u0119 zmiany hymnu narodowego z okazji powstania Polskiej Zjednoczonej Partii Robotniczej - Radzy\u0144ski Rocznik Humanistyczny","robots":{"index":"index","follow":"follow","max-snippet":"max-snippet:-1","max-image-preview":"max-image-preview:large","max-video-preview":"max-video-preview:-1"},"canonical":"https:\/\/radzynskirocznik.pl\/?page_id=2715","og_locale":"pl_PL","og_type":"article","og_title":"In\u017cynier Cieci\u00f3ra uzasadnia potrzeb\u0119 zmiany hymnu narodowego z okazji powstania Polskiej Zjednoczonej Partii Robotniczej - Radzy\u0144ski Rocznik Humanistyczny","og_description":"Dariusz Magier Oryginalna wersja cyfrowa 18.08.2021 Wersja drukowana 5.11.2021 DOI: 10.36121\/RRH.MAGIER.19.2021 * Zar\u00f3wno relacjonuj\u0105cy wydarzenia poprzedzaj\u0105ce tzw. kongres zjednoczeniowy Polskiej Partii Robotniczej i Polskiej Partii Socjalistycznej w dniach 15-21 grudnia 1948 r., jak i autorzy opracowa\u0144 historycznych, zwracaj\u0105 uwag\u0119 na wyj\u0105tkow\u0105 atmosfer\u0119 towarzysz\u0105c\u0105 kampanii przedzjazdowej. By\u0142a ona wynikiem realizacji drobiazgowego scenariusza opracowanego przez komunist\u00f3w i [&hellip;]","og_url":"https:\/\/radzynskirocznik.pl\/?page_id=2715","og_site_name":"Radzy\u0144ski Rocznik Humanistyczny","article_publisher":"https:\/\/www.facebook.com\/inbrosz","article_modified_time":"2021-11-06T19:35:46+00:00","og_image":[{"url":"http:\/\/radzynskirocznik.pl\/wp-content\/uploads\/2021\/08\/CHLOP.jpg","type":"","width":"","height":""}],"twitter_card":"summary_large_image","twitter_misc":{"Szacowany czas czytania":"13 minut"},"schema":{"@context":"https:\/\/schema.org","@graph":[{"@type":"WebPage","@id":"https:\/\/radzynskirocznik.pl\/?page_id=2715","url":"https:\/\/radzynskirocznik.pl\/?page_id=2715","name":"In\u017cynier Cieci\u00f3ra uzasadnia potrzeb\u0119 zmiany hymnu narodowego z okazji powstania Polskiej Zjednoczonej Partii Robotniczej - Radzy\u0144ski Rocznik Humanistyczny","isPartOf":{"@id":"https:\/\/radzynskirocznik.pl\/#website"},"primaryImageOfPage":{"@id":"https:\/\/radzynskirocznik.pl\/?page_id=2715#primaryimage"},"image":{"@id":"https:\/\/radzynskirocznik.pl\/?page_id=2715#primaryimage"},"thumbnailUrl":"http:\/\/radzynskirocznik.pl\/wp-content\/uploads\/2021\/08\/CHLOP.jpg","datePublished":"2021-08-17T11:05:55+00:00","dateModified":"2021-11-06T19:35:46+00:00","breadcrumb":{"@id":"https:\/\/radzynskirocznik.pl\/?page_id=2715#breadcrumb"},"inLanguage":"pl-PL","potentialAction":[{"@type":"ReadAction","target":["https:\/\/radzynskirocznik.pl\/?page_id=2715"]}]},{"@type":"ImageObject","inLanguage":"pl-PL","@id":"https:\/\/radzynskirocznik.pl\/?page_id=2715#primaryimage","url":"https:\/\/radzynskirocznik.pl\/wp-content\/uploads\/2021\/08\/CHLOP.jpg","contentUrl":"https:\/\/radzynskirocznik.pl\/wp-content\/uploads\/2021\/08\/CHLOP.jpg","width":610,"height":837},{"@type":"BreadcrumbList","@id":"https:\/\/radzynskirocznik.pl\/?page_id=2715#breadcrumb","itemListElement":[{"@type":"ListItem","position":1,"name":"Strona g\u0142\u00f3wna","item":"https:\/\/radzynskirocznik.pl\/?lang=en"},{"@type":"ListItem","position":2,"name":"In\u017cynier Cieci\u00f3ra uzasadnia potrzeb\u0119 zmiany hymnu narodowego z okazji powstania Polskiej Zjednoczonej Partii Robotniczej"}]},{"@type":"WebSite","@id":"https:\/\/radzynskirocznik.pl\/#website","url":"https:\/\/radzynskirocznik.pl\/","name":"Radzy\u0144ski Rocznik Humanistyczny","description":"","publisher":{"@id":"https:\/\/radzynskirocznik.pl\/#organization"},"potentialAction":[{"@type":"SearchAction","target":{"@type":"EntryPoint","urlTemplate":"https:\/\/radzynskirocznik.pl\/?s={search_term_string}"},"query-input":{"@type":"PropertyValueSpecification","valueRequired":true,"valueName":"search_term_string"}}],"inLanguage":"pl-PL"},{"@type":"Organization","@id":"https:\/\/radzynskirocznik.pl\/#organization","name":"Instytut Bronis\u0142awa Szlubowskiego","url":"https:\/\/radzynskirocznik.pl\/","logo":{"@type":"ImageObject","inLanguage":"pl-PL","@id":"https:\/\/radzynskirocznik.pl\/#\/schema\/logo\/image\/","url":"http:\/\/radzynskirocznik.pl\/wp-content\/uploads\/2020\/12\/logo-pion.jpg","contentUrl":"http:\/\/radzynskirocznik.pl\/wp-content\/uploads\/2020\/12\/logo-pion.jpg","width":1393,"height":727,"caption":"Instytut Bronis\u0142awa Szlubowskiego"},"image":{"@id":"https:\/\/radzynskirocznik.pl\/#\/schema\/logo\/image\/"},"sameAs":["https:\/\/www.facebook.com\/inbrosz"]}]}},"_links":{"self":[{"href":"https:\/\/radzynskirocznik.pl\/index.php?rest_route=\/wp\/v2\/pages\/2715","targetHints":{"allow":["GET"]}}],"collection":[{"href":"https:\/\/radzynskirocznik.pl\/index.php?rest_route=\/wp\/v2\/pages"}],"about":[{"href":"https:\/\/radzynskirocznik.pl\/index.php?rest_route=\/wp\/v2\/types\/page"}],"author":[{"embeddable":true,"href":"https:\/\/radzynskirocznik.pl\/index.php?rest_route=\/wp\/v2\/users\/3"}],"replies":[{"embeddable":true,"href":"https:\/\/radzynskirocznik.pl\/index.php?rest_route=%2Fwp%2Fv2%2Fcomments&post=2715"}],"version-history":[{"count":13,"href":"https:\/\/radzynskirocznik.pl\/index.php?rest_route=\/wp\/v2\/pages\/2715\/revisions"}],"predecessor-version":[{"id":3089,"href":"https:\/\/radzynskirocznik.pl\/index.php?rest_route=\/wp\/v2\/pages\/2715\/revisions\/3089"}],"wp:attachment":[{"href":"https:\/\/radzynskirocznik.pl\/index.php?rest_route=%2Fwp%2Fv2%2Fmedia&parent=2715"}],"curies":[{"name":"wp","href":"https:\/\/api.w.org\/{rel}","templated":true}]}}