{"id":1152,"date":"2020-03-14T13:00:45","date_gmt":"2020-03-14T13:00:45","guid":{"rendered":"http:\/\/radzynskirocznik.pl\/?page_id=1152"},"modified":"2023-09-26T10:44:18","modified_gmt":"2023-09-26T10:44:18","slug":"reviewers","status":"publish","type":"page","link":"https:\/\/radzynskirocznik.pl\/?page_id=1152&lang=en","title":{"rendered":"Reviewers"},"content":{"rendered":"<p><span style=\"color: #800000;\"><strong>Reviewers of materials submitted to the volume:<\/strong> <span style=\"color: #333399;\"><a href=\"http:\/\/radzynskirocznik.pl\/?page_id=3754\"><span style=\"color: #666699;\"> 21\/2023 <\/span><\/a>|\u00a0<a href=\"http:\/\/radzynskirocznik.pl\/?page_id=3668\">20\/2022<\/a> |<\/span>\u00a0<a href=\"http:\/\/radzynskirocznik.pl\/?page_id=3053\"><span style=\"color: #666699;\">19\/2021 <\/span><\/a><span style=\"color: #000000;\">|<\/span>\u00a0<a href=\"http:\/\/radzynskirocznik.pl\/?page_id=2345\">18\/2020<\/a> |\u00a0<\/span><a href=\"http:\/\/radzynskirocznik.pl\/?page_id=1156&amp;lang=en\">17\/2019<\/a>\u00a0|\u00a0<a href=\"http:\/\/radzynskirocznik.pl\/?page_id=1156&amp;lang=en\">16\/2018<\/a><\/p>\n<p><span style=\"color: #800000;\"><strong>List of all reviewers cooperating with the magazine:<\/strong><\/span><\/p>\n<ul>\n<li>Mariusz Bechta (Institute of National Remembrance, Warsaw Branch)<\/li>\n<li>Pawe\u0142 Borek (Municipal Public Library in Bia\u0142a Podlaska)<\/li>\n<li>Adam D\u0105browski (Archives of New Files in Warsaw)<\/li>\n<li>Rafa\u0142 Dmowski (University of Natural Sciences and Humanities in Siedlce)<\/li>\n<li>Anna Dymmel (Maria Curie-Sk\u0142odowska University in Lublin)<\/li>\n<li>Agnieszka G\u0105tarczyk (Secondary School Complex in Radzy\u0144 Podlaski)<\/li>\n<li>Tomis\u0142aw Giergiel (Maria Curie-Sk\u0142odowska University in Lublin)<\/li>\n<li>Andrzej Gil (John Paul II Catholic University of Lublin)<\/li>\n<li>Alicja Gontarek (Maria Curie-Sk\u0142odowska University in Lublin)<\/li>\n<li>Artur G\u00f3rak (Maria Curie-Sk\u0142odowska University in Lublin)<\/li>\n<li>Janusz K\u0142ape\u0107 (Institute of National Remembrance, Branch in Lublin)<\/li>\n<li>Joanna Kowalik-Bylicka (State Archives in Lublin)<\/li>\n<li>Marcin Kruszy\u0144ski (Aviation Military Academy in D\u0119blin)<\/li>\n<li>Krzysztof Latawiec (Maria Curie-Sk\u0142odowska University in Lublin)<\/li>\n<li>Rafa\u0142 \u0141atka (Institute of National Remembrance)<\/li>\n<li>Ireneusz \u0141uci (Maria Curie-Sk\u0142odowska University in Lublin)<\/li>\n<li>Wies\u0142aw Nowosad (Nicolaus Copernicus University in Toru\u0144)<\/li>\n<li>Tomasz Osi\u0144ski (Institute of National Remembrance, Branch in Lublin)<\/li>\n<li>Marcin Paluch (Aviation Military Academy in D\u0119blin)<\/li>\n<li>Artur Rogalski (Armory Museum at the Liw Castle)<\/li>\n<li>Rafa\u0142 Roguski (University of Natural Sciences and Humanities in Siedlce)<\/li>\n<li>Andrzej Szabaciuk (John Paul II Catholic University of Lublin in Lublin)<\/li>\n<li>Miros\u0142aw Szuma\u0142o (Maria Curie-Sk\u0142odowska University in Lublin)<\/li>\n<li>Agnieszka Teterycz-Puzio (Pomeranian University in S\u0142upsk)<\/li>\n<li>Beata Wal\u0119ciuk-Dejneka (University of Natural Sciences and Humanities in Siedlce)<\/li>\n<li>Andrzej Wawryniuk (State Higher Vocational School in Che\u0142m)<\/li>\n<li>Leszek Wierzbicki (Maria Curie-Sk\u0142odowska University in Lublin)<\/li>\n<li>Wojciech W\u0142odarkiewicz (Military University of Technology in Warsaw)<\/li>\n<li>Artur Ziontek (Municipal and Communal Culture Center in Kos\u00f3w Lacki)<\/li>\n<\/ul>\n","protected":false},"excerpt":{"rendered":"<p>Reviewers of materials submitted to the volume: 21\/2023 |\u00a020\/2022 |\u00a019\/2021 |\u00a018\/2020 |\u00a017\/2019\u00a0|\u00a016\/2018 List of all reviewers cooperating with the magazine: Mariusz Bechta (Institute of National Remembrance, Warsaw Branch) Pawe\u0142 Borek (Municipal Public Library in Bia\u0142a Podlaska) Adam D\u0105browski (Archives of New Files in Warsaw) Rafa\u0142 Dmowski (University of Natural Sciences and Humanities in Siedlce) Anna [&hellip;]<\/p>\n","protected":false},"author":3,"featured_media":0,"parent":0,"menu_order":0,"comment_status":"closed","ping_status":"closed","template":"","meta":{"footnotes":""},"class_list":["post-1152","page","type-page","status-publish","hentry"],"yoast_head":"<!-- This site is optimized with the Yoast SEO plugin v26.6 - https:\/\/yoast.com\/wordpress\/plugins\/seo\/ -->\n<title>Reviewers - Radzy\u0144ski Rocznik Humanistyczny<\/title>\n<meta name=\"robots\" content=\"index, follow, max-snippet:-1, max-image-preview:large, max-video-preview:-1\" \/>\n<link rel=\"canonical\" href=\"https:\/\/radzynskirocznik.pl\/?page_id=1152&lang=en\" \/>\n<meta property=\"og:locale\" content=\"pl_PL\" \/>\n<meta property=\"og:type\" content=\"article\" \/>\n<meta property=\"og:title\" content=\"Reviewers - Radzy\u0144ski Rocznik Humanistyczny\" \/>\n<meta property=\"og:description\" content=\"Reviewers of materials submitted to the volume: 21\/2023 |\u00a020\/2022 |\u00a019\/2021 |\u00a018\/2020 |\u00a017\/2019\u00a0|\u00a016\/2018 List of all reviewers cooperating with the magazine: Mariusz Bechta (Institute of National Remembrance, Warsaw Branch) Pawe\u0142 Borek (Municipal Public Library in Bia\u0142a Podlaska) Adam D\u0105browski (Archives of New Files in Warsaw) Rafa\u0142 Dmowski (University of Natural Sciences and Humanities in Siedlce) Anna [&hellip;]\" \/>\n<meta property=\"og:url\" content=\"https:\/\/radzynskirocznik.pl\/?page_id=1152&amp;lang=en\" \/>\n<meta property=\"og:site_name\" content=\"Radzy\u0144ski Rocznik Humanistyczny\" \/>\n<meta property=\"article:publisher\" content=\"https:\/\/www.facebook.com\/inbrosz\" \/>\n<meta property=\"article:modified_time\" content=\"2023-09-26T10:44:18+00:00\" \/>\n<meta name=\"twitter:card\" content=\"summary_large_image\" \/>\n<meta name=\"twitter:label1\" content=\"Szacowany czas czytania\" \/>\n\t<meta name=\"twitter:data1\" content=\"2 minuty\" \/>\n<script type=\"application\/ld+json\" class=\"yoast-schema-graph\">{\"@context\":\"https:\/\/schema.org\",\"@graph\":[{\"@type\":\"WebPage\",\"@id\":\"https:\/\/radzynskirocznik.pl\/?page_id=1152&lang=en\",\"url\":\"https:\/\/radzynskirocznik.pl\/?page_id=1152&lang=en\",\"name\":\"Reviewers - Radzy\u0144ski Rocznik Humanistyczny\",\"isPartOf\":{\"@id\":\"https:\/\/radzynskirocznik.pl\/#website\"},\"datePublished\":\"2020-03-14T13:00:45+00:00\",\"dateModified\":\"2023-09-26T10:44:18+00:00\",\"breadcrumb\":{\"@id\":\"https:\/\/radzynskirocznik.pl\/?page_id=1152&lang=en#breadcrumb\"},\"inLanguage\":\"pl-PL\",\"potentialAction\":[{\"@type\":\"ReadAction\",\"target\":[\"https:\/\/radzynskirocznik.pl\/?page_id=1152&lang=en\"]}]},{\"@type\":\"BreadcrumbList\",\"@id\":\"https:\/\/radzynskirocznik.pl\/?page_id=1152&lang=en#breadcrumb\",\"itemListElement\":[{\"@type\":\"ListItem\",\"position\":1,\"name\":\"Strona g\u0142\u00f3wna\",\"item\":\"https:\/\/radzynskirocznik.pl\/?lang=en\"},{\"@type\":\"ListItem\",\"position\":2,\"name\":\"Reviewers\"}]},{\"@type\":\"WebSite\",\"@id\":\"https:\/\/radzynskirocznik.pl\/#website\",\"url\":\"https:\/\/radzynskirocznik.pl\/\",\"name\":\"Radzy\u0144ski Rocznik Humanistyczny\",\"description\":\"\",\"publisher\":{\"@id\":\"https:\/\/radzynskirocznik.pl\/#organization\"},\"potentialAction\":[{\"@type\":\"SearchAction\",\"target\":{\"@type\":\"EntryPoint\",\"urlTemplate\":\"https:\/\/radzynskirocznik.pl\/?s={search_term_string}\"},\"query-input\":{\"@type\":\"PropertyValueSpecification\",\"valueRequired\":true,\"valueName\":\"search_term_string\"}}],\"inLanguage\":\"pl-PL\"},{\"@type\":\"Organization\",\"@id\":\"https:\/\/radzynskirocznik.pl\/#organization\",\"name\":\"Instytut Bronis\u0142awa Szlubowskiego\",\"url\":\"https:\/\/radzynskirocznik.pl\/\",\"logo\":{\"@type\":\"ImageObject\",\"inLanguage\":\"pl-PL\",\"@id\":\"https:\/\/radzynskirocznik.pl\/#\/schema\/logo\/image\/\",\"url\":\"http:\/\/radzynskirocznik.pl\/wp-content\/uploads\/2020\/12\/logo-pion.jpg\",\"contentUrl\":\"http:\/\/radzynskirocznik.pl\/wp-content\/uploads\/2020\/12\/logo-pion.jpg\",\"width\":1393,\"height\":727,\"caption\":\"Instytut Bronis\u0142awa Szlubowskiego\"},\"image\":{\"@id\":\"https:\/\/radzynskirocznik.pl\/#\/schema\/logo\/image\/\"},\"sameAs\":[\"https:\/\/www.facebook.com\/inbrosz\"]}]}<\/script>\n<!-- \/ Yoast SEO plugin. -->","yoast_head_json":{"title":"Reviewers - Radzy\u0144ski Rocznik Humanistyczny","robots":{"index":"index","follow":"follow","max-snippet":"max-snippet:-1","max-image-preview":"max-image-preview:large","max-video-preview":"max-video-preview:-1"},"canonical":"https:\/\/radzynskirocznik.pl\/?page_id=1152&lang=en","og_locale":"pl_PL","og_type":"article","og_title":"Reviewers - Radzy\u0144ski Rocznik Humanistyczny","og_description":"Reviewers of materials submitted to the volume: 21\/2023 |\u00a020\/2022 |\u00a019\/2021 |\u00a018\/2020 |\u00a017\/2019\u00a0|\u00a016\/2018 List of all reviewers cooperating with the magazine: Mariusz Bechta (Institute of National Remembrance, Warsaw Branch) Pawe\u0142 Borek (Municipal Public Library in Bia\u0142a Podlaska) Adam D\u0105browski (Archives of New Files in Warsaw) Rafa\u0142 Dmowski (University of Natural Sciences and Humanities in Siedlce) Anna [&hellip;]","og_url":"https:\/\/radzynskirocznik.pl\/?page_id=1152&lang=en","og_site_name":"Radzy\u0144ski Rocznik Humanistyczny","article_publisher":"https:\/\/www.facebook.com\/inbrosz","article_modified_time":"2023-09-26T10:44:18+00:00","twitter_card":"summary_large_image","twitter_misc":{"Szacowany czas czytania":"2 minuty"},"schema":{"@context":"https:\/\/schema.org","@graph":[{"@type":"WebPage","@id":"https:\/\/radzynskirocznik.pl\/?page_id=1152&lang=en","url":"https:\/\/radzynskirocznik.pl\/?page_id=1152&lang=en","name":"Reviewers - Radzy\u0144ski Rocznik Humanistyczny","isPartOf":{"@id":"https:\/\/radzynskirocznik.pl\/#website"},"datePublished":"2020-03-14T13:00:45+00:00","dateModified":"2023-09-26T10:44:18+00:00","breadcrumb":{"@id":"https:\/\/radzynskirocznik.pl\/?page_id=1152&lang=en#breadcrumb"},"inLanguage":"pl-PL","potentialAction":[{"@type":"ReadAction","target":["https:\/\/radzynskirocznik.pl\/?page_id=1152&lang=en"]}]},{"@type":"BreadcrumbList","@id":"https:\/\/radzynskirocznik.pl\/?page_id=1152&lang=en#breadcrumb","itemListElement":[{"@type":"ListItem","position":1,"name":"Strona g\u0142\u00f3wna","item":"https:\/\/radzynskirocznik.pl\/?lang=en"},{"@type":"ListItem","position":2,"name":"Reviewers"}]},{"@type":"WebSite","@id":"https:\/\/radzynskirocznik.pl\/#website","url":"https:\/\/radzynskirocznik.pl\/","name":"Radzy\u0144ski Rocznik Humanistyczny","description":"","publisher":{"@id":"https:\/\/radzynskirocznik.pl\/#organization"},"potentialAction":[{"@type":"SearchAction","target":{"@type":"EntryPoint","urlTemplate":"https:\/\/radzynskirocznik.pl\/?s={search_term_string}"},"query-input":{"@type":"PropertyValueSpecification","valueRequired":true,"valueName":"search_term_string"}}],"inLanguage":"pl-PL"},{"@type":"Organization","@id":"https:\/\/radzynskirocznik.pl\/#organization","name":"Instytut Bronis\u0142awa Szlubowskiego","url":"https:\/\/radzynskirocznik.pl\/","logo":{"@type":"ImageObject","inLanguage":"pl-PL","@id":"https:\/\/radzynskirocznik.pl\/#\/schema\/logo\/image\/","url":"http:\/\/radzynskirocznik.pl\/wp-content\/uploads\/2020\/12\/logo-pion.jpg","contentUrl":"http:\/\/radzynskirocznik.pl\/wp-content\/uploads\/2020\/12\/logo-pion.jpg","width":1393,"height":727,"caption":"Instytut Bronis\u0142awa Szlubowskiego"},"image":{"@id":"https:\/\/radzynskirocznik.pl\/#\/schema\/logo\/image\/"},"sameAs":["https:\/\/www.facebook.com\/inbrosz"]}]}},"_links":{"self":[{"href":"https:\/\/radzynskirocznik.pl\/index.php?rest_route=\/wp\/v2\/pages\/1152","targetHints":{"allow":["GET"]}}],"collection":[{"href":"https:\/\/radzynskirocznik.pl\/index.php?rest_route=\/wp\/v2\/pages"}],"about":[{"href":"https:\/\/radzynskirocznik.pl\/index.php?rest_route=\/wp\/v2\/types\/page"}],"author":[{"embeddable":true,"href":"https:\/\/radzynskirocznik.pl\/index.php?rest_route=\/wp\/v2\/users\/3"}],"replies":[{"embeddable":true,"href":"https:\/\/radzynskirocznik.pl\/index.php?rest_route=%2Fwp%2Fv2%2Fcomments&post=1152"}],"version-history":[{"count":6,"href":"https:\/\/radzynskirocznik.pl\/index.php?rest_route=\/wp\/v2\/pages\/1152\/revisions"}],"predecessor-version":[{"id":3758,"href":"https:\/\/radzynskirocznik.pl\/index.php?rest_route=\/wp\/v2\/pages\/1152\/revisions\/3758"}],"wp:attachment":[{"href":"https:\/\/radzynskirocznik.pl\/index.php?rest_route=%2Fwp%2Fv2%2Fmedia&parent=1152"}],"curies":[{"name":"wp","href":"https:\/\/api.w.org\/{rel}","templated":true}]}}